{"id":1867,"date":"2023-08-16T10:18:39","date_gmt":"2023-08-16T08:18:39","guid":{"rendered":"http:\/\/xedhqzi.cluster100.hosting.ovh.net\/?page_id=1867"},"modified":"2024-12-11T11:10:49","modified_gmt":"2024-12-11T15:10:49","slug":"lequipe","status":"publish","type":"page","link":"https:\/\/www.vert-intense.com\/nl\/lequipe\/","title":{"rendered":"Het team"},"content":{"rendered":"<p>Kom meer te weten over het Vert Intense team en de Bananes Vertes ecolodges.<\/p>\n\n\n\n<h6 class=\"wp-block-heading\" id=\"h-laurence\">Laurence <\/h6>\n\n\n\n<p><strong>(De BOSS)<\/strong> Zij is degene die je begroet als je belt. Ze beheert alle administratieve en commerci\u00eble aspecten van Vert-Intense en Bananes Vertes. Laurence is ook bergleider, met een diploma in canyoning, boomklimmen en BESAAPT. Je kunt haar dus vragen stellen, aangezien ze de technieken en het terrein goed beheerst.<\/p>\n\n\n\n<div class=\"wp-block-file\"><a id=\"wp-block-file--media-5be27e59-a5bd-465d-84d2-4993343b9a18\" href=\"https:\/\/www.vert-intense.com\/wp-content\/uploads\/2024\/12\/BEAMM_LAU.pdf\" target=\"_blank\" rel=\"noreferrer noopener\">Brevet d'Etat d'Accompagnateur Moyenne Montagne (staatsdiploma als gids in het middelgebergte)<\/a><\/div>\n\n\n\n<div class=\"wp-block-file\"><a id=\"wp-block-file--media-5f96cad3-4276-4093-aae1-0e7761f672ea\" href=\"https:\/\/www.vert-intense.com\/wp-content\/uploads\/2024\/12\/BEESAAPT_lau.pdf\" target=\"_blank\" rel=\"noreferrer noopener\">Brevet d'\u00c9tat d'\u00c9ducateur Sportif Animation des Activit\u00e9s Pour Tous (staatsdiploma sportonderwijs) <\/a><\/div>\n\n\n\n<div class=\"wp-block-file\"><a id=\"wp-block-file--media-c09838ae-a956-4493-b200-450d5f439a8b\" href=\"https:\/\/www.vert-intense.com\/wp-content\/uploads\/2024\/12\/BPJEPS_LAU.pdf\" target=\"_blank\" rel=\"noreferrer noopener\">Brevet Professionnel de la Jeunesse, de l'\u00c9ducation Populaire et du Sport (Beroepsdiploma Jeugd, Volksopvoeding en Sport)<\/a><\/div>\n\n\n\n<div class=\"wp-block-file\"><a id=\"wp-block-file--media-75b578e3-af65-428c-8f58-56edd204b18d\" href=\"https:\/\/www.vert-intense.com\/wp-content\/uploads\/2024\/12\/DE_canyon_Lau.pdf\" target=\"_blank\" rel=\"noreferrer noopener\">Staatsdiploma canyoning<\/a><\/div>\n\n\n\n<div style=\"height:20px\" aria-hidden=\"true\" class=\"wp-block-spacer\"><\/div>\n\n\n\n<h4 class=\"wp-block-heading\" id=\"h-l-equipe-des-bananes-vertes\">Het Bananes Vertes-team<\/h4>\n\n\n\n<h6 class=\"wp-block-heading\" id=\"h-helene-et-julie\"><strong>H\u00e9lene en Julie<\/strong><\/h6>\n\n\n\n<p>H\u00e9l\u00e8ne of Julie zijn degenen die je meestal verwelkomen in de Bananes vertes, en ze zullen goed voor je zorgen. Ze runnen ook de bar naast het zwembad tussen 18.00 en 20.00. Het is de perfecte plek om samen een leuke tijd te hebben.<\/p>\n\n\n\n<p>Na je vertrek zorgen ze ervoor dat je accommodatie weer klaar is voor de volgende gasten.<\/p>\n\n\n\n<div style=\"height:20px\" aria-hidden=\"true\" class=\"wp-block-spacer\"><\/div>\n\n\n\n<h6 class=\"wp-block-heading\" id=\"h-guy\"><strong>Guy<\/strong><\/h6>\n\n\n\n<p>Les Bananes Vertes beslaat 5000 m\u00b2 tropisch land en Guy heeft de zware taak om deze prachtige tuin, die zo gewaardeerd wordt door onze gasten, te onderhouden en te onderhouden. Hij zorgt ook voor de lodges en het zwembad.<\/p>\n\n\n\n<div style=\"height:20px\" aria-hidden=\"true\" class=\"wp-block-spacer\"><\/div>\n\n\n\n<h4 class=\"wp-block-heading\" id=\"h-l-equipe-de-vert-intense\">Het team van Vert Intense<\/h4>\n\n\n\n<h6 class=\"wp-block-heading\" id=\"h-teddy\"><strong>Teddy<\/strong><\/h6>\n\n\n\n<p>Als bergleider is hij degene die je het vaakst tegenkomt tijdens wandelingen rond de vulkaan. Hij komt oorspronkelijk van het eiland en loopt al van jongs af aan op blote voeten in de uitlopers van La Soufri\u00e8re.<\/p>\n\n\n\n<div class=\"wp-block-file\"><a id=\"wp-block-file--media-6f1a26f2-bccb-481c-a2c7-787574d5ef4e\" href=\"https:\/\/www.vert-intense.com\/wp-content\/uploads\/2024\/12\/AEM-TED-scaled.jpg\" target=\"_blank\" rel=\"noreferrer noopener\">Brevet d'Etat d'Accompagnateur en Moyenne Montagne (staatsdiploma als gids in het middelgebergte)<\/a><\/div>\n\n\n\n<div style=\"height:20px\" aria-hidden=\"true\" class=\"wp-block-spacer\"><\/div>\n\n\n\n<h6 class=\"wp-block-heading\" id=\"h-xavier\"><strong>Xavier<\/strong><\/h6>\n\n\n\n<p>Na een fervent speleoloog is het nu canyoning dat zijn passie bevredigt. Hij neemt deel aan alle canyoning uitstappen: BE bergleider, FFME canyoning instructeur, DE canyon...<\/p>\n\n\n\n<div class=\"wp-block-file\"><a id=\"wp-block-file--media-d7a3add7-eb20-49e0-87ae-ac839991937d\" href=\"https:\/\/www.vert-intense.com\/wp-content\/uploads\/2024\/12\/brevet-d-etat-aem.pdf\" target=\"_blank\" rel=\"noreferrer noopener\">Brevet d'Etat d'Accompagnateur en Moyenne Montagne (staatsdiploma als gids in het middelgebergte)<\/a><\/div>\n\n\n\n<div class=\"wp-block-file\"><a id=\"wp-block-file--media-22b7a089-616b-4ef8-8f2e-941728166d7e\" href=\"https:\/\/www.vert-intense.com\/wp-content\/uploads\/2024\/12\/DEcanyon-Xavier.pdf\" target=\"_blank\" rel=\"noreferrer noopener\">Staatsdiploma canyoning<\/a><\/div>\n\n\n\n<div style=\"height:20px\" aria-hidden=\"true\" class=\"wp-block-spacer\"><\/div>\n\n\n\n<h6 class=\"wp-block-heading\" id=\"h-paul\"><strong>Paul<\/strong><\/h6>\n\n\n\n<p>DE canyon, hij is opgegroeid op het eiland en houdt zich al sinds zijn kindertijd bezig met canyoning. Hij is het hele jaar aanwezig op Guadeloupe en maakt net als Xavier deel uit van alle canyoningtochten.<\/p>\n\n\n\n<div class=\"wp-block-file\"><a id=\"wp-block-file--media-0da6a282-4835-4d1d-b163-2d3d336e2c33\" href=\"https:\/\/www.vert-intense.com\/wp-content\/uploads\/2024\/12\/decanyonpaul.pdf\" target=\"_blank\" rel=\"noreferrer noopener\">Staatsdiploma canyoning<\/a><\/div>\n\n\n\n<div style=\"height:20px\" aria-hidden=\"true\" class=\"wp-block-spacer\"><\/div>\n\n\n\n<h6 class=\"wp-block-heading\" id=\"h-kevin\"><strong>Kevin<\/strong><\/h6>\n\n\n\n<p>Als jongste lid van het team verdeelt hij zijn tijd tussen wandelen, canyoning en trainen.<\/p>\n\n\n\n<div class=\"wp-block-file\"><a id=\"wp-block-file--media-8020be18-1fe9-494b-9f7c-0fbbe3da7f2c\" href=\"https:\/\/www.vert-intense.com\/wp-content\/uploads\/2024\/12\/carte-pro-kevin-2024.pdf\" target=\"_blank\" rel=\"noreferrer noopener\">Sporteducator Beroepskaart<\/a><\/div>\n\n\n\n<div style=\"height:20px\" aria-hidden=\"true\" class=\"wp-block-spacer\"><\/div>\n\n\n\n<h6 class=\"wp-block-heading\" id=\"h-eric\"><strong>Eric<\/strong><\/h6>\n\n\n\n<p>Oprichter van Vert-intense, BE AEM, DE CANYON, VTT. Hij brengt nu meer tijd door op kantoor dan op de paden die hij al meer dan 20 jaar aflegt.<\/p>\n\n\n\n<p><\/p>","protected":false},"excerpt":{"rendered":"<p>D\u00e9couvrez en quelques lignes toute l&#8217;\u00e9quipe qui compose Vert Intense et les \u00e9colodges les Bananes Vertes. Laurence (The BOSS) C&#8217;est elle qui vous accueille lors de vos appels. Elle qui g\u00e8re toute la partie administrative et commerciale de Vert-Intense et des Bananes Vertes. Laurence est aussi accompagnatrice en montagne,&nbsp;DE&nbsp;canyon, escalad&#8217;arbre, et BESAAPT. Vous pouvez donc [&hellip;]<\/p>","protected":false},"author":1,"featured_media":0,"parent":0,"menu_order":0,"comment_status":"closed","ping_status":"closed","template":"","meta":{"footnotes":""},"class_list":["post-1867","page","type-page","status-publish","hentry"],"yoast_head":"<!-- This site is optimized with the Yoast SEO Premium plugin v25.3.1 (Yoast SEO v25.3.1) - https:\/\/yoast.com\/wordpress\/plugins\/seo\/ -->\n<title>L&#039;\u00e9quipe de Vert-Intense et des Bananes Vertes: Qui sont-ils ? - Vert Intense<\/title>\n<meta name=\"description\" content=\"D\u00e9couvrez en quelques lignes toute l&#039;\u00e9quipe qui compose Vert Intense et les \u00e9colodges les Bananes Vertes.\" \/>\n<meta name=\"robots\" content=\"index, follow, max-snippet:-1, max-image-preview:large, max-video-preview:-1\" \/>\n<link rel=\"canonical\" href=\"https:\/\/www.vert-intense.com\/nl\/lequipe\/\" \/>\n<meta property=\"og:locale\" content=\"nl_NL\" \/>\n<meta property=\"og:type\" content=\"article\" \/>\n<meta property=\"og:title\" content=\"L&#039;\u00e9quipe\" \/>\n<meta property=\"og:description\" content=\"D\u00e9couvrez en quelques lignes toute l&#039;\u00e9quipe qui compose Vert Intense et les \u00e9colodges les Bananes Vertes.\" \/>\n<meta property=\"og:url\" content=\"https:\/\/www.vert-intense.com\/nl\/lequipe\/\" \/>\n<meta property=\"og:site_name\" content=\"Vert Intense\" \/>\n<meta property=\"article:publisher\" content=\"https:\/\/www.facebook.com\/vertintense\" \/>\n<meta property=\"article:modified_time\" content=\"2024-12-11T15:10:49+00:00\" \/>\n<meta property=\"og:image\" content=\"https:\/\/i0.wp.com\/www.vert-intense.com\/wp-content\/uploads\/2024\/07\/home.png?fit=1358%2C735&ssl=1\" \/>\n\t<meta property=\"og:image:width\" content=\"1358\" \/>\n\t<meta property=\"og:image:height\" content=\"735\" \/>\n\t<meta property=\"og:image:type\" content=\"image\/png\" \/>\n<meta name=\"twitter:card\" content=\"summary_large_image\" \/>\n<meta name=\"twitter:label1\" content=\"Geschatte leestijd\" \/>\n\t<meta name=\"twitter:data1\" content=\"2 minuten\" \/>\n<script type=\"application\/ld+json\" class=\"yoast-schema-graph\">{\"@context\":\"https:\/\/schema.org\",\"@graph\":[{\"@type\":\"WebPage\",\"@id\":\"https:\/\/www.vert-intense.com\/lequipe\/\",\"url\":\"https:\/\/www.vert-intense.com\/lequipe\/\",\"name\":\"L'\u00e9quipe de Vert-Intense et des Bananes Vertes: Qui sont-ils ? - Vert Intense\",\"isPartOf\":{\"@id\":\"https:\/\/www.vert-intense.com\/#website\"},\"datePublished\":\"2023-08-16T08:18:39+00:00\",\"dateModified\":\"2024-12-11T15:10:49+00:00\",\"description\":\"D\u00e9couvrez en quelques lignes toute l'\u00e9quipe qui compose Vert Intense et les \u00e9colodges les Bananes Vertes.\",\"breadcrumb\":{\"@id\":\"https:\/\/www.vert-intense.com\/lequipe\/#breadcrumb\"},\"inLanguage\":\"nl-NL\",\"potentialAction\":[{\"@type\":\"ReadAction\",\"target\":[\"https:\/\/www.vert-intense.com\/lequipe\/\"]}]},{\"@type\":\"BreadcrumbList\",\"@id\":\"https:\/\/www.vert-intense.com\/lequipe\/#breadcrumb\",\"itemListElement\":[{\"@type\":\"ListItem\",\"position\":1,\"name\":\"Accueil\",\"item\":\"https:\/\/www.vert-intense.com\/\"},{\"@type\":\"ListItem\",\"position\":2,\"name\":\"L&#8217;\u00e9quipe\"}]},{\"@type\":\"WebSite\",\"@id\":\"https:\/\/www.vert-intense.com\/#website\",\"url\":\"https:\/\/www.vert-intense.com\/\",\"name\":\"Vert-Intense\",\"description\":\"R\u00e9servez vos activit\u00e9s d\u00e9couvertes en Guadeloupe\",\"publisher\":{\"@id\":\"https:\/\/www.vert-intense.com\/#organization\"},\"potentialAction\":[{\"@type\":\"SearchAction\",\"target\":{\"@type\":\"EntryPoint\",\"urlTemplate\":\"https:\/\/www.vert-intense.com\/?s={search_term_string}\"},\"query-input\":{\"@type\":\"PropertyValueSpecification\",\"valueRequired\":true,\"valueName\":\"search_term_string\"}}],\"inLanguage\":\"nl-NL\"},{\"@type\":\"Organization\",\"@id\":\"https:\/\/www.vert-intense.com\/#organization\",\"name\":\"Vert-Intense\",\"url\":\"https:\/\/www.vert-intense.com\/\",\"logo\":{\"@type\":\"ImageObject\",\"inLanguage\":\"nl-NL\",\"@id\":\"https:\/\/www.vert-intense.com\/#\/schema\/logo\/image\/\",\"url\":\"https:\/\/i0.wp.com\/www.vert-intense.com\/wp-content\/uploads\/2023\/07\/logo.png?fit=960%2C960&ssl=1\",\"contentUrl\":\"https:\/\/i0.wp.com\/www.vert-intense.com\/wp-content\/uploads\/2023\/07\/logo.png?fit=960%2C960&ssl=1\",\"width\":960,\"height\":960,\"caption\":\"Vert-Intense\"},\"image\":{\"@id\":\"https:\/\/www.vert-intense.com\/#\/schema\/logo\/image\/\"},\"sameAs\":[\"https:\/\/www.facebook.com\/vertintense\",\"https:\/\/www.tripadvisor.fr\/Attraction_Review-g1644623-d1649481-Reviews-Vert_Intense-Saint_Claude_Basse_Terre_Island_Guadeloupe.html\",\"https:\/\/www.tiktok.com\/@vertintense\",\"https:\/\/www.instagram.com\/vertintenseguadeloupe\/\",\"https:\/\/www.youtube.com\/channel\/UCRymXR1Pa7n50AOgFy9n3bA\"]}]}<\/script>\n<!-- \/ Yoast SEO Premium plugin. -->","yoast_head_json":{"title":"Het Vert-Intense en Green Bananas team: Wie zijn ze? - Intens groen","description":"Kom meer te weten over het Vert Intense team en de Bananes Vertes ecolodges.","robots":{"index":"index","follow":"follow","max-snippet":"max-snippet:-1","max-image-preview":"max-image-preview:large","max-video-preview":"max-video-preview:-1"},"canonical":"https:\/\/www.vert-intense.com\/nl\/lequipe\/","og_locale":"nl_NL","og_type":"article","og_title":"L'\u00e9quipe","og_description":"D\u00e9couvrez en quelques lignes toute l'\u00e9quipe qui compose Vert Intense et les \u00e9colodges les Bananes Vertes.","og_url":"https:\/\/www.vert-intense.com\/nl\/lequipe\/","og_site_name":"Vert Intense","article_publisher":"https:\/\/www.facebook.com\/vertintense","article_modified_time":"2024-12-11T15:10:49+00:00","og_image":[{"width":1358,"height":735,"url":"https:\/\/i0.wp.com\/www.vert-intense.com\/wp-content\/uploads\/2024\/07\/home.png?fit=1358%2C735&ssl=1","type":"image\/png"}],"twitter_card":"summary_large_image","twitter_misc":{"Geschatte leestijd":"2 minuten"},"schema":{"@context":"https:\/\/schema.org","@graph":[{"@type":"WebPage","@id":"https:\/\/www.vert-intense.com\/lequipe\/","url":"https:\/\/www.vert-intense.com\/lequipe\/","name":"Het Vert-Intense en Green Bananas team: Wie zijn ze? - Intens groen","isPartOf":{"@id":"https:\/\/www.vert-intense.com\/#website"},"datePublished":"2023-08-16T08:18:39+00:00","dateModified":"2024-12-11T15:10:49+00:00","description":"Kom meer te weten over het Vert Intense team en de Bananes Vertes ecolodges.","breadcrumb":{"@id":"https:\/\/www.vert-intense.com\/lequipe\/#breadcrumb"},"inLanguage":"nl-NL","potentialAction":[{"@type":"ReadAction","target":["https:\/\/www.vert-intense.com\/lequipe\/"]}]},{"@type":"BreadcrumbList","@id":"https:\/\/www.vert-intense.com\/lequipe\/#breadcrumb","itemListElement":[{"@type":"ListItem","position":1,"name":"Accueil","item":"https:\/\/www.vert-intense.com\/"},{"@type":"ListItem","position":2,"name":"L&#8217;\u00e9quipe"}]},{"@type":"WebSite","@id":"https:\/\/www.vert-intense.com\/#website","url":"https:\/\/www.vert-intense.com\/","name":"Vert-Intense","description":"Boek je ontdekkingsactiviteiten in Guadeloupe","publisher":{"@id":"https:\/\/www.vert-intense.com\/#organization"},"potentialAction":[{"@type":"SearchAction","target":{"@type":"EntryPoint","urlTemplate":"https:\/\/www.vert-intense.com\/?s={search_term_string}"},"query-input":{"@type":"PropertyValueSpecification","valueRequired":true,"valueName":"search_term_string"}}],"inLanguage":"nl-NL"},{"@type":"Organization","@id":"https:\/\/www.vert-intense.com\/#organization","name":"Vert-Intense","url":"https:\/\/www.vert-intense.com\/","logo":{"@type":"ImageObject","inLanguage":"nl-NL","@id":"https:\/\/www.vert-intense.com\/#\/schema\/logo\/image\/","url":"https:\/\/i0.wp.com\/www.vert-intense.com\/wp-content\/uploads\/2023\/07\/logo.png?fit=960%2C960&ssl=1","contentUrl":"https:\/\/i0.wp.com\/www.vert-intense.com\/wp-content\/uploads\/2023\/07\/logo.png?fit=960%2C960&ssl=1","width":960,"height":960,"caption":"Vert-Intense"},"image":{"@id":"https:\/\/www.vert-intense.com\/#\/schema\/logo\/image\/"},"sameAs":["https:\/\/www.facebook.com\/vertintense","https:\/\/www.tripadvisor.fr\/Attraction_Review-g1644623-d1649481-Reviews-Vert_Intense-Saint_Claude_Basse_Terre_Island_Guadeloupe.html","https:\/\/www.tiktok.com\/@vertintense","https:\/\/www.instagram.com\/vertintenseguadeloupe\/","https:\/\/www.youtube.com\/channel\/UCRymXR1Pa7n50AOgFy9n3bA"]}]}},"jetpack_sharing_enabled":true,"_links":{"self":[{"href":"https:\/\/www.vert-intense.com\/nl\/wp-json\/wp\/v2\/pages\/1867"}],"collection":[{"href":"https:\/\/www.vert-intense.com\/nl\/wp-json\/wp\/v2\/pages"}],"about":[{"href":"https:\/\/www.vert-intense.com\/nl\/wp-json\/wp\/v2\/types\/page"}],"author":[{"embeddable":true,"href":"https:\/\/www.vert-intense.com\/nl\/wp-json\/wp\/v2\/users\/1"}],"replies":[{"embeddable":true,"href":"https:\/\/www.vert-intense.com\/nl\/wp-json\/wp\/v2\/comments?post=1867"}],"version-history":[{"count":4,"href":"https:\/\/www.vert-intense.com\/nl\/wp-json\/wp\/v2\/pages\/1867\/revisions"}],"predecessor-version":[{"id":7800,"href":"https:\/\/www.vert-intense.com\/nl\/wp-json\/wp\/v2\/pages\/1867\/revisions\/7800"}],"wp:attachment":[{"href":"https:\/\/www.vert-intense.com\/nl\/wp-json\/wp\/v2\/media?parent=1867"}],"curies":[{"name":"wp","href":"https:\/\/api.w.org\/{rel}","templated":true}]}}