{"id":2558,"date":"2023-12-13T15:07:43","date_gmt":"2023-12-13T14:07:43","guid":{"rendered":"http:\/\/xedhqzi.cluster100.hosting.ovh.net\/?post_type=product&#038;p=2558"},"modified":"2025-05-04T06:26:42","modified_gmt":"2025-05-04T10:26:42","slug":"randonnees-liberte-guadeloupe-12-jours","status":"publish","type":"product","link":"https:\/\/www.vert-intense.com\/fr\/activite-guadeloupe\/sejours-sportifs-nature-guadeloupe\/randonnees-liberte-guadeloupe-12-jours\/","title":{"rendered":"Randonn\u00e9es Libert\u00e9 Guadeloupe 12 jours"},"content":{"rendered":"<h3 style=\"text-align: center;\">S\u00e9jour Randonn\u00e9es Libert\u00e9 en Guadeloupe<\/h3>\n<h3 style=\"text-align: center;\">(12 jours)<\/h3>\n<p>&nbsp;<\/p>\n<p>Profitez pleinement de votre s\u00e9jour randonn\u00e9e libert\u00e9 en Guadeloupe, vous disposez d\u2019un carnet de route,\u00a0\u00a0sp\u00e9cialement \u00e9tudi\u00e9 pour vous faire d\u00e9couvrir l\u2019archipel de la Guadeloupe. Ainsi vous trouvez pour chaque jour\u00a0 plusieurs propositions de randonn\u00e9es \u00e0 choisir en fonction de votre forme, de vos envies. Et \u00e9galement de nombreuses adresses pour d\u00e9couvrir les saveurs, traditions et le patrimoine culturel guadeloup\u00e9en.<\/p>\n<p>Votre h\u00e9bergement, class\u00e9 \u00c9colabel Europ\u00e9en, se trouve sur les contreforts du volcan de la Soufri\u00e8re sur la commune de Saint-Claude \u00e0 500 m\u00e8tres d&#8217;altitude. Vos h\u00f4tes, Laurence et Eric tous deux accompagnateurs en montagne, connaissent bien les traces du Parc National de Guadeloupe, ils se font un plaisir de vous communiquer toutes les informations n\u00e9cessaires pour rendre votre s\u00e9jour inoubliable.<\/p>\n<p>&nbsp;<\/p>\n<h4><strong>D\u00e9tail du programme\u00a0:<\/strong><\/h4>\n<ul>\n<li>Jour 1 : arriv\u00e9e aux Bananes Vertes \u00e0 Saint-Claude<\/li>\n<li>Jour 2 : randonn\u00e9e libert\u00e9 sentier de la Grande Pointe de Trois-Rivi\u00e8res<\/li>\n<li>Jour 3 : ascension guid\u00e9e au sommet du volcan de la Soufri\u00e8re<\/li>\n<li>Jour 4 : randonn\u00e9e sur le littoral de Port-Louis<\/li>\n<li>Jour 5 : randonn\u00e9e aux chutes du Carbet<\/li>\n<li>Jour 6 : d\u00e9couverte du littoral du nord Basse-Terre<\/li>\n<li>Jour 7 : randonn\u00e9e \u00e0 la chute du Galion<\/li>\n<li>Jour 8: L&#8217;Archipel des Saintes<\/li>\n<li>Jour 9: Randonn\u00e9e au Chameau<\/li>\n<li>Jour 10: D\u00e9couverte de l&#8217;\u00eele de Terre-de-Bas<\/li>\n<li>Jour 11 : D\u00e9couverte de Pointe-\u00e0-Pitre, a\u00e9roport.<\/li>\n<li>Jour 12: Arriv\u00e9e Paris<\/li>\n<\/ul>\n<p><strong>\u00a0<\/strong><\/p>\n<h4><strong>Le prix comprend<\/strong><\/h4>\n<ul>\n<li>L h\u00e9bergement pour la dur\u00e9e du s\u00e9jour<\/li>\n<li>Le diner du premier soir d\u00e9pos\u00e9 dans votre lodge<\/li>\n<li>Une base de 1er petit-d\u00e9jeuner<\/li>\n<li>La voiture de location cat A\u00a0 pour la dur\u00e9e du s\u00e9jours<\/li>\n<li>La randonn\u00e9e guid\u00e9e \u00e0 la Soufri\u00e8re<\/li>\n<li>Le billet de bateau des Saintes au d\u00e9part de Trois-Rivi\u00e8res<\/li>\n<li>Le briefing de pr\u00e9sentation du s\u00e9jour et le carnet de route num\u00e9rique<\/li>\n<li>La prise en charge et le transfert de vos bagages le jour de l&#8217; arriv\u00e9e aux Saintes<\/li>\n<li>L&#8217;h\u00e9bergement en maison individuelle \u00e0 la Petite Villa des Saintes<\/li>\n<\/ul>\n<p>&nbsp;<\/p>\n<h4><strong>Le prix ne comprend pas\u00a0:<\/strong><\/h4>\n<ul>\n<li>Le vol vers la Guadeloupe<\/li>\n<li>Les diners, d\u00e9jeuners et petits-d\u00e9jeuners<\/li>\n<li>Les parkings Carbet et embarcad\u00e8re pour les Saintes<\/li>\n<li>Le carburant pour votre v\u00e9hicule<\/li>\n<li>Les pourboires et tout ce qui n &#8216;apparait pas dans la rubrique le prix comprend<\/li>\n<li>La visite du fort Napol\u00e9on (env 7,50\u20ac)<\/li>\n<li>Le billet aller retour vers Terre de Bas (env 10\u20ac\/pers. aller retour)<\/li>\n<li>Les options<\/li>\n<\/ul>\n<p>&nbsp;<\/p>\n<p><strong>Bon \u00e0 Savoir :<\/strong>\u00a0 Nous sommes \u00e0 votre disposition tout au long de votre s\u00e9jour pour vous donner toutes les infos n\u00e9cessaires \u00e0 son bon d\u00e9roulement. Le carnet de route vous est envoy\u00e9 d\u00e8s la r\u00e9servation ainsi qu\u2019une liste de mat\u00e9riel conseill\u00e9 pour bien appr\u00e9hender le milieu tropical.<\/p>\n","protected":false},"excerpt":{"rendered":"<p>R\u00e9servez votre s\u00e9jour randonn\u00e9e libert\u00e9 en Guadeloupe et partez \u00e0 la d\u00e9couverte de l&#8217;archipel guadeloup\u00e9en \u00e0 votre rythme en toute autonomie.<\/p>\n","protected":false},"featured_media":2537,"template":"","meta":[],"product_cat":[28],"product_tag":[131,130],"class_list":{"0":"post-2558","1":"product","2":"type-product","3":"status-publish","4":"has-post-thumbnail","6":"product_cat-sejours-sportifs-nature-guadeloupe","7":"product_tag-sejour-multi-sports-guadeloupe","8":"product_tag-sejour-randonnee-liberte","10":"first","11":"instock","12":"virtual","13":"sold-individually","14":"taxable","15":"purchasable","16":"product-type-booking"},"yoast_head":"<!-- This site is optimized with the Yoast SEO Premium plugin v25.3.1 (Yoast SEO v25.3.1) - https:\/\/yoast.com\/wordpress\/plugins\/seo\/ -->\n<title>S\u00e9jour Randonn\u00e9e Libert\u00e9 en Guadeloupe: D\u00e9couvrez l&#039;Archipel - Vert Intense<\/title>\n<meta name=\"description\" content=\"Profitez d&#039;un s\u00e9jour randonn\u00e9e libert\u00e9 en Guadeloupe. Des randonn\u00e9es et des adresses pour d\u00e9couvrir la nature et la culture locale. R\u00e9servez d\u00e8s maintenant!\" \/>\n<meta name=\"robots\" content=\"index, follow, max-snippet:-1, max-image-preview:large, max-video-preview:-1\" \/>\n<link rel=\"canonical\" href=\"https:\/\/www.vert-intense.com\/fr\/activite-guadeloupe\/sejours-sportifs-nature-guadeloupe\/randonnees-liberte-guadeloupe-12-jours\/\" \/>\n<meta property=\"og:locale\" content=\"fr_FR\" \/>\n<meta property=\"og:type\" content=\"article\" \/>\n<meta property=\"og:title\" content=\"Randonn\u00e9es Libert\u00e9 Guadeloupe 12 jours\" \/>\n<meta property=\"og:description\" content=\"Profitez d&#039;un s\u00e9jour randonn\u00e9e libert\u00e9 en Guadeloupe. Des randonn\u00e9es et des adresses pour d\u00e9couvrir la nature et la culture locale. R\u00e9servez d\u00e8s maintenant!\" \/>\n<meta property=\"og:url\" content=\"https:\/\/www.vert-intense.com\/fr\/activite-guadeloupe\/sejours-sportifs-nature-guadeloupe\/randonnees-liberte-guadeloupe-12-jours\/\" \/>\n<meta property=\"og:site_name\" content=\"Vert Intense\" \/>\n<meta property=\"article:publisher\" content=\"https:\/\/www.facebook.com\/vertintense\" \/>\n<meta property=\"article:modified_time\" content=\"2025-05-04T10:26:42+00:00\" \/>\n<meta property=\"og:image\" content=\"https:\/\/www.vert-intense.com\/wp-content\/uploads\/2023\/12\/20230316_104945-Copier.jpg\" \/>\n\t<meta property=\"og:image:width\" content=\"1178\" \/>\n\t<meta property=\"og:image:height\" content=\"887\" \/>\n\t<meta property=\"og:image:type\" content=\"image\/jpeg\" \/>\n<meta name=\"twitter:card\" content=\"summary_large_image\" \/>\n<meta name=\"twitter:label1\" content=\"Prix\" \/>\n\t<meta name=\"twitter:data1\" content=\"1 240&euro;\" \/>\n\t<meta name=\"twitter:label2\" content=\"Disponibilit\u00e9\" \/>\n\t<meta name=\"twitter:data2\" content=\"En stock\" \/>\n<script type=\"application\/ld+json\" class=\"yoast-schema-graph\">{\"@context\":\"https:\/\/schema.org\",\"@graph\":[{\"@type\":\"WebPage\",\"@id\":\"https:\/\/www.vert-intense.com\/activite-guadeloupe\/sejours-sportifs-nature-guadeloupe\/randonnees-liberte-guadeloupe-12-jours\/\",\"url\":\"https:\/\/www.vert-intense.com\/activite-guadeloupe\/sejours-sportifs-nature-guadeloupe\/randonnees-liberte-guadeloupe-12-jours\/\",\"name\":\"S\u00e9jour Randonn\u00e9e Libert\u00e9 en Guadeloupe: D\u00e9couvrez l'Archipel - Vert Intense\",\"isPartOf\":{\"@id\":\"https:\/\/www.vert-intense.com\/#website\"},\"primaryImageOfPage\":{\"@id\":\"https:\/\/www.vert-intense.com\/activite-guadeloupe\/sejours-sportifs-nature-guadeloupe\/randonnees-liberte-guadeloupe-12-jours\/#primaryimage\"},\"image\":{\"@id\":\"https:\/\/www.vert-intense.com\/activite-guadeloupe\/sejours-sportifs-nature-guadeloupe\/randonnees-liberte-guadeloupe-12-jours\/#primaryimage\"},\"thumbnailUrl\":\"https:\/\/i0.wp.com\/www.vert-intense.com\/wp-content\/uploads\/2023\/12\/20230316_104945-Copier.jpg?fit=1178%2C887&ssl=1\",\"datePublished\":\"2023-12-13T14:07:43+00:00\",\"dateModified\":\"2025-05-04T10:26:42+00:00\",\"description\":\"Profitez d'un s\u00e9jour randonn\u00e9e libert\u00e9 en Guadeloupe. Des randonn\u00e9es et des adresses pour d\u00e9couvrir la nature et la culture locale. R\u00e9servez d\u00e8s maintenant!\",\"breadcrumb\":{\"@id\":\"https:\/\/www.vert-intense.com\/activite-guadeloupe\/sejours-sportifs-nature-guadeloupe\/randonnees-liberte-guadeloupe-12-jours\/#breadcrumb\"},\"inLanguage\":\"fr-FR\",\"potentialAction\":[{\"@type\":\"ReadAction\",\"target\":[\"https:\/\/www.vert-intense.com\/activite-guadeloupe\/sejours-sportifs-nature-guadeloupe\/randonnees-liberte-guadeloupe-12-jours\/\"]}]},{\"@type\":\"ImageObject\",\"inLanguage\":\"fr-FR\",\"@id\":\"https:\/\/www.vert-intense.com\/activite-guadeloupe\/sejours-sportifs-nature-guadeloupe\/randonnees-liberte-guadeloupe-12-jours\/#primaryimage\",\"url\":\"https:\/\/i0.wp.com\/www.vert-intense.com\/wp-content\/uploads\/2023\/12\/20230316_104945-Copier.jpg?fit=1178%2C887&ssl=1\",\"contentUrl\":\"https:\/\/i0.wp.com\/www.vert-intense.com\/wp-content\/uploads\/2023\/12\/20230316_104945-Copier.jpg?fit=1178%2C887&ssl=1\",\"width\":1178,\"height\":887,\"caption\":\"Morne Morel, Terre de Haut, Les saintes Guadeloupe\"},{\"@type\":\"BreadcrumbList\",\"@id\":\"https:\/\/www.vert-intense.com\/activite-guadeloupe\/sejours-sportifs-nature-guadeloupe\/randonnees-liberte-guadeloupe-12-jours\/#breadcrumb\",\"itemListElement\":[{\"@type\":\"ListItem\",\"position\":1,\"name\":\"Accueil\",\"item\":\"https:\/\/www.vert-intense.com\/\"},{\"@type\":\"ListItem\",\"position\":2,\"name\":\"Activit\u00e9s nature en Guadeloupe\",\"item\":\"https:\/\/www.vert-intense.com\/\"},{\"@type\":\"ListItem\",\"position\":3,\"name\":\"Randonn\u00e9es Libert\u00e9 Guadeloupe 12 jours\"}]},{\"@type\":\"WebSite\",\"@id\":\"https:\/\/www.vert-intense.com\/#website\",\"url\":\"https:\/\/www.vert-intense.com\/\",\"name\":\"Vert-Intense\",\"description\":\"R\u00e9servez vos activit\u00e9s d\u00e9couvertes en Guadeloupe\",\"publisher\":{\"@id\":\"https:\/\/www.vert-intense.com\/#organization\"},\"potentialAction\":[{\"@type\":\"SearchAction\",\"target\":{\"@type\":\"EntryPoint\",\"urlTemplate\":\"https:\/\/www.vert-intense.com\/?s={search_term_string}\"},\"query-input\":{\"@type\":\"PropertyValueSpecification\",\"valueRequired\":true,\"valueName\":\"search_term_string\"}}],\"inLanguage\":\"fr-FR\"},{\"@type\":\"Organization\",\"@id\":\"https:\/\/www.vert-intense.com\/#organization\",\"name\":\"Vert-Intense\",\"url\":\"https:\/\/www.vert-intense.com\/\",\"logo\":{\"@type\":\"ImageObject\",\"inLanguage\":\"fr-FR\",\"@id\":\"https:\/\/www.vert-intense.com\/#\/schema\/logo\/image\/\",\"url\":\"https:\/\/i0.wp.com\/www.vert-intense.com\/wp-content\/uploads\/2023\/07\/logo.png?fit=960%2C960&ssl=1\",\"contentUrl\":\"https:\/\/i0.wp.com\/www.vert-intense.com\/wp-content\/uploads\/2023\/07\/logo.png?fit=960%2C960&ssl=1\",\"width\":960,\"height\":960,\"caption\":\"Vert-Intense\"},\"image\":{\"@id\":\"https:\/\/www.vert-intense.com\/#\/schema\/logo\/image\/\"},\"sameAs\":[\"https:\/\/www.facebook.com\/vertintense\",\"https:\/\/www.tripadvisor.fr\/Attraction_Review-g1644623-d1649481-Reviews-Vert_Intense-Saint_Claude_Basse_Terre_Island_Guadeloupe.html\",\"https:\/\/www.tiktok.com\/@vertintense\",\"https:\/\/www.instagram.com\/vertintenseguadeloupe\/\",\"https:\/\/www.youtube.com\/channel\/UCRymXR1Pa7n50AOgFy9n3bA\"]}]}<\/script>\n<meta property=\"product:price:amount\" content=\"1240\" \/>\n<meta property=\"product:price:currency\" content=\"EUR\" \/>\n<meta property=\"og:availability\" content=\"instock\" \/>\n<meta property=\"product:availability\" content=\"instock\" \/>\n<meta property=\"product:condition\" content=\"new\" \/>\n<!-- \/ Yoast SEO Premium plugin. -->","yoast_head_json":{"title":"S\u00e9jour Randonn\u00e9e Libert\u00e9 en Guadeloupe: D\u00e9couvrez l'Archipel - Vert Intense","description":"Profitez d'un s\u00e9jour randonn\u00e9e libert\u00e9 en Guadeloupe. Des randonn\u00e9es et des adresses pour d\u00e9couvrir la nature et la culture locale. R\u00e9servez d\u00e8s maintenant!","robots":{"index":"index","follow":"follow","max-snippet":"max-snippet:-1","max-image-preview":"max-image-preview:large","max-video-preview":"max-video-preview:-1"},"canonical":"https:\/\/www.vert-intense.com\/fr\/activite-guadeloupe\/sejours-sportifs-nature-guadeloupe\/randonnees-liberte-guadeloupe-12-jours\/","og_locale":"fr_FR","og_type":"article","og_title":"Randonn\u00e9es Libert\u00e9 Guadeloupe 12 jours","og_description":"Profitez d'un s\u00e9jour randonn\u00e9e libert\u00e9 en Guadeloupe. Des randonn\u00e9es et des adresses pour d\u00e9couvrir la nature et la culture locale. R\u00e9servez d\u00e8s maintenant!","og_url":"https:\/\/www.vert-intense.com\/fr\/activite-guadeloupe\/sejours-sportifs-nature-guadeloupe\/randonnees-liberte-guadeloupe-12-jours\/","og_site_name":"Vert Intense","article_publisher":"https:\/\/www.facebook.com\/vertintense","article_modified_time":"2025-05-04T10:26:42+00:00","og_image":[{"width":1178,"height":887,"url":"https:\/\/www.vert-intense.com\/wp-content\/uploads\/2023\/12\/20230316_104945-Copier.jpg","type":"image\/jpeg"}],"twitter_card":"summary_large_image","twitter_misc":{"Prix":"1 240&euro;","Disponibilit\u00e9":"En stock"},"schema":{"@context":"https:\/\/schema.org","@graph":[{"@type":"WebPage","@id":"https:\/\/www.vert-intense.com\/activite-guadeloupe\/sejours-sportifs-nature-guadeloupe\/randonnees-liberte-guadeloupe-12-jours\/","url":"https:\/\/www.vert-intense.com\/activite-guadeloupe\/sejours-sportifs-nature-guadeloupe\/randonnees-liberte-guadeloupe-12-jours\/","name":"S\u00e9jour Randonn\u00e9e Libert\u00e9 en Guadeloupe: D\u00e9couvrez l'Archipel - Vert Intense","isPartOf":{"@id":"https:\/\/www.vert-intense.com\/#website"},"primaryImageOfPage":{"@id":"https:\/\/www.vert-intense.com\/activite-guadeloupe\/sejours-sportifs-nature-guadeloupe\/randonnees-liberte-guadeloupe-12-jours\/#primaryimage"},"image":{"@id":"https:\/\/www.vert-intense.com\/activite-guadeloupe\/sejours-sportifs-nature-guadeloupe\/randonnees-liberte-guadeloupe-12-jours\/#primaryimage"},"thumbnailUrl":"https:\/\/i0.wp.com\/www.vert-intense.com\/wp-content\/uploads\/2023\/12\/20230316_104945-Copier.jpg?fit=1178%2C887&ssl=1","datePublished":"2023-12-13T14:07:43+00:00","dateModified":"2025-05-04T10:26:42+00:00","description":"Profitez d'un s\u00e9jour randonn\u00e9e libert\u00e9 en Guadeloupe. Des randonn\u00e9es et des adresses pour d\u00e9couvrir la nature et la culture locale. R\u00e9servez d\u00e8s maintenant!","breadcrumb":{"@id":"https:\/\/www.vert-intense.com\/activite-guadeloupe\/sejours-sportifs-nature-guadeloupe\/randonnees-liberte-guadeloupe-12-jours\/#breadcrumb"},"inLanguage":"fr-FR","potentialAction":[{"@type":"ReadAction","target":["https:\/\/www.vert-intense.com\/activite-guadeloupe\/sejours-sportifs-nature-guadeloupe\/randonnees-liberte-guadeloupe-12-jours\/"]}]},{"@type":"ImageObject","inLanguage":"fr-FR","@id":"https:\/\/www.vert-intense.com\/activite-guadeloupe\/sejours-sportifs-nature-guadeloupe\/randonnees-liberte-guadeloupe-12-jours\/#primaryimage","url":"https:\/\/i0.wp.com\/www.vert-intense.com\/wp-content\/uploads\/2023\/12\/20230316_104945-Copier.jpg?fit=1178%2C887&ssl=1","contentUrl":"https:\/\/i0.wp.com\/www.vert-intense.com\/wp-content\/uploads\/2023\/12\/20230316_104945-Copier.jpg?fit=1178%2C887&ssl=1","width":1178,"height":887,"caption":"Morne Morel, Terre de Haut, Les saintes Guadeloupe"},{"@type":"BreadcrumbList","@id":"https:\/\/www.vert-intense.com\/activite-guadeloupe\/sejours-sportifs-nature-guadeloupe\/randonnees-liberte-guadeloupe-12-jours\/#breadcrumb","itemListElement":[{"@type":"ListItem","position":1,"name":"Accueil","item":"https:\/\/www.vert-intense.com\/"},{"@type":"ListItem","position":2,"name":"Activit\u00e9s nature en Guadeloupe","item":"https:\/\/www.vert-intense.com\/"},{"@type":"ListItem","position":3,"name":"Randonn\u00e9es Libert\u00e9 Guadeloupe 12 jours"}]},{"@type":"WebSite","@id":"https:\/\/www.vert-intense.com\/#website","url":"https:\/\/www.vert-intense.com\/","name":"Vert-Intense","description":"R\u00e9servez vos activit\u00e9s d\u00e9couvertes en Guadeloupe","publisher":{"@id":"https:\/\/www.vert-intense.com\/#organization"},"potentialAction":[{"@type":"SearchAction","target":{"@type":"EntryPoint","urlTemplate":"https:\/\/www.vert-intense.com\/?s={search_term_string}"},"query-input":{"@type":"PropertyValueSpecification","valueRequired":true,"valueName":"search_term_string"}}],"inLanguage":"fr-FR"},{"@type":"Organization","@id":"https:\/\/www.vert-intense.com\/#organization","name":"Vert-Intense","url":"https:\/\/www.vert-intense.com\/","logo":{"@type":"ImageObject","inLanguage":"fr-FR","@id":"https:\/\/www.vert-intense.com\/#\/schema\/logo\/image\/","url":"https:\/\/i0.wp.com\/www.vert-intense.com\/wp-content\/uploads\/2023\/07\/logo.png?fit=960%2C960&ssl=1","contentUrl":"https:\/\/i0.wp.com\/www.vert-intense.com\/wp-content\/uploads\/2023\/07\/logo.png?fit=960%2C960&ssl=1","width":960,"height":960,"caption":"Vert-Intense"},"image":{"@id":"https:\/\/www.vert-intense.com\/#\/schema\/logo\/image\/"},"sameAs":["https:\/\/www.facebook.com\/vertintense","https:\/\/www.tripadvisor.fr\/Attraction_Review-g1644623-d1649481-Reviews-Vert_Intense-Saint_Claude_Basse_Terre_Island_Guadeloupe.html","https:\/\/www.tiktok.com\/@vertintense","https:\/\/www.instagram.com\/vertintenseguadeloupe\/","https:\/\/www.youtube.com\/channel\/UCRymXR1Pa7n50AOgFy9n3bA"]}]},"product_price_amount":"1240","product_price_currency":"EUR","og_availability":"instock","product_availability":"instock","product_condition":"new"},"jetpack_sharing_enabled":true,"_links":{"self":[{"href":"https:\/\/www.vert-intense.com\/fr\/wp-json\/wp\/v2\/product\/2558"}],"collection":[{"href":"https:\/\/www.vert-intense.com\/fr\/wp-json\/wp\/v2\/product"}],"about":[{"href":"https:\/\/www.vert-intense.com\/fr\/wp-json\/wp\/v2\/types\/product"}],"wp:featuredmedia":[{"embeddable":true,"href":"https:\/\/www.vert-intense.com\/fr\/wp-json\/wp\/v2\/media\/2537"}],"wp:attachment":[{"href":"https:\/\/www.vert-intense.com\/fr\/wp-json\/wp\/v2\/media?parent=2558"}],"wp:term":[{"taxonomy":"product_cat","embeddable":true,"href":"https:\/\/www.vert-intense.com\/fr\/wp-json\/wp\/v2\/product_cat?post=2558"},{"taxonomy":"product_tag","embeddable":true,"href":"https:\/\/www.vert-intense.com\/fr\/wp-json\/wp\/v2\/product_tag?post=2558"}],"curies":[{"name":"wp","href":"https:\/\/api.w.org\/{rel}","templated":true}]}}