{"id":2558,"date":"2023-12-13T15:07:43","date_gmt":"2023-12-13T14:07:43","guid":{"rendered":"http:\/\/xedhqzi.cluster100.hosting.ovh.net\/?post_type=product&#038;p=2558"},"modified":"2025-05-04T06:26:42","modified_gmt":"2025-05-04T10:26:42","slug":"wanderungen-freiheit-guadeloupe-12-tage","status":"publish","type":"product","link":"https:\/\/www.vert-intense.com\/de\/aktivitat-guadeloupe\/sportaufenthalte-natur-guadeloupe\/wanderungen-freiheit-guadeloupe-12-tage\/","title":{"rendered":"Wanderungen Freiheit Guadeloupe 12 Tage"},"content":{"rendered":"<h3 style=\"text-align: center;\">Wanderurlaub Freiheit in Guadeloupe<\/h3>\n<h3 style=\"text-align: center;\">(12 Tage)<\/h3>\n<p>&nbsp;<\/p>\n<p>Genie\u00dfen Sie Ihren Wanderurlaub auf Guadeloupe in vollen Z\u00fcgen, denn Sie verf\u00fcgen \u00fcber ein speziell f\u00fcr die Entdeckung des Archipels Guadeloupe ausgearbeitetes Tourenbuch. So finden Sie f\u00fcr jeden Tag mehrere Vorschl\u00e4ge f\u00fcr Wanderungen, die Sie je nach Ihrer Form und Ihren W\u00fcnschen ausw\u00e4hlen k\u00f6nnen. Au\u00dferdem finden Sie zahlreiche Adressen, um die Geschm\u00e4cker, Traditionen und das kulturelle Erbe Guadeloupes zu entdecken.<\/p>\n<p>Ihre Unterkunft, die mit dem Europ\u00e4ischen Umweltzeichen ausgezeichnet ist, befindet sich an den Ausl\u00e4ufern des Vulkans Soufri\u00e8re in der Gemeinde Saint-Claude auf 500 m H\u00f6he. Ihre Gastgeber, Laurence und Eric, die beide Bergf\u00fchrer sind, kennen die Spuren des Nationalparks von Guadeloupe gut und geben Ihnen gerne alle Informationen, die Sie ben\u00f6tigen, um Ihren Aufenthalt unvergesslich zu machen.<\/p>\n<p>&nbsp;<\/p>\n<h4><strong>Programmdetails :<\/strong><\/h4>\n<ul>\n<li>Tag 1: Ankunft bei Bananes Vertes in Saint-Claude<\/li>\n<li>Tag 2: Wanderung Freiheitspfad Grande Pointe de Trois-Rivi\u00e8res<\/li>\n<li>3. Tag: Gef\u00fchrter Aufstieg auf den Gipfel des Vulkans Soufri\u00e8re<\/li>\n<li>4. Tag: Wanderung entlang der K\u00fcste von Port Louis<\/li>\n<li>5. Tag: Wanderung zu den Carbet-F\u00e4llen<\/li>\n<li>6. Tag: Entdeckung der K\u00fcste von Nord-Basse-Terre<\/li>\n<li>7. Tag: Wanderung zum Galion-Wasserfall<\/li>\n<li>Tag 8: Das Saintes-Archipel<\/li>\n<li>9. Tag: Kamelwanderung<\/li>\n<li>10. Tag: Erkundung der Insel Terre-de-Bas<\/li>\n<li>11. Tag: Erkundung von Pointe-\u00e0-Pitre, Flughafen.<\/li>\n<li>12. Tag: Ankunft in Paris<\/li>\n<\/ul>\n<p><strong>\u00a0<\/strong><\/p>\n<h4><strong>Der Preis beinhaltet<\/strong><\/h4>\n<ul>\n<li>Die Unterkunft f\u00fcr die Dauer des Aufenthalts<\/li>\n<li>Das Abendessen am ersten Abend, das in Ihrer Lodge hinterlegt ist<\/li>\n<li>Eine Basis f\u00fcr 1. Fr\u00fchst\u00fcck<\/li>\n<li>Der Mietwagen Kat A f\u00fcr die Dauer des Aufenthaltes<\/li>\n<li>Die gef\u00fchrte Wanderung nach La Soufri\u00e8re<\/li>\n<li>Das Ticket f\u00fcr die Bootsfahrt von Les Saintes ab Trois-Rivi\u00e8res<\/li>\n<li>Das Briefing zur Vorstellung des Aufenthalts und das digitale Reisetagebuch<\/li>\n<li>Abholung und Transfer Ihres Gep\u00e4cks am Tag der Ankunft in Les Saintes<\/li>\n<li>Die Unterkunft in einem Einzelhaus in der Petite Villa des Saintes<\/li>\n<\/ul>\n<p>&nbsp;<\/p>\n<h4><strong>Der Preis beinhaltet nicht :<\/strong><\/h4>\n<ul>\n<li>Der Flug nach Guadeloupe<\/li>\n<li>Die Abendessen, Mittagessen und Fr\u00fchst\u00fccke<\/li>\n<li>Die Parkpl\u00e4tze Carbet und Anlegestelle f\u00fcr Les Saintes<\/li>\n<li>Treibstoff f\u00fcr Ihr Fahrzeug<\/li>\n<li>Trinkgelder und alles, was nicht unter \"Im Preis inbegriffen\" aufgef\u00fchrt ist<\/li>\n<li>Der Besuch des Fort Napoleon (ca. 7,50\u20ac)<\/li>\n<li>Das Ticket nach Terre de Bas f\u00fcr den Hin- und R\u00fcckflug (ca. 10\u20ac\/Pers. Hin- und R\u00fcckflug)<\/li>\n<li>Die Optionen<\/li>\n<\/ul>\n<p>&nbsp;<\/p>\n<p><strong>Gut zu wissen :<\/strong>\u00a0 Wir stehen Ihnen w\u00e4hrend Ihres gesamten Aufenthalts zur Verf\u00fcgung, um Ihnen alle Informationen zu geben, die Sie f\u00fcr einen reibungslosen Ablauf ben\u00f6tigen. Das Reisetagebuch wird Ihnen gleich nach der Buchung zugeschickt, ebenso wie eine Liste der empfohlenen Ausr\u00fcstung, um die tropische Umgebung gut zu verstehen.<\/p>","protected":false},"excerpt":{"rendered":"<p>Buchen Sie Ihren freien Wanderurlaub in Guadeloupe und entdecken Sie den guadeloupeischen Archipel in Ihrem eigenen Tempo und v\u00f6llig unabh\u00e4ngig.<\/p>","protected":false},"featured_media":2537,"template":"","meta":[],"product_cat":[28],"product_tag":[131,130],"class_list":{"0":"post-2558","1":"product","2":"type-product","3":"status-publish","4":"has-post-thumbnail","6":"product_cat-sejours-sportifs-nature-guadeloupe","7":"product_tag-sejour-multi-sports-guadeloupe","8":"product_tag-sejour-randonnee-liberte","10":"first","11":"instock","12":"virtual","13":"sold-individually","14":"taxable","15":"purchasable","16":"product-type-booking"},"yoast_head":"<!-- This site is optimized with the Yoast SEO Premium plugin v25.3.1 (Yoast SEO v25.3.1) - https:\/\/yoast.com\/wordpress\/plugins\/seo\/ -->\n<title>S\u00e9jour Randonn\u00e9e Libert\u00e9 en Guadeloupe: D\u00e9couvrez l&#039;Archipel - Vert Intense<\/title>\n<meta name=\"description\" content=\"Profitez d&#039;un s\u00e9jour randonn\u00e9e libert\u00e9 en Guadeloupe. Des randonn\u00e9es et des adresses pour d\u00e9couvrir la nature et la culture locale. R\u00e9servez d\u00e8s maintenant!\" \/>\n<meta name=\"robots\" content=\"index, follow, max-snippet:-1, max-image-preview:large, max-video-preview:-1\" \/>\n<link rel=\"canonical\" href=\"https:\/\/www.vert-intense.com\/de\/aktivitat-guadeloupe\/sportaufenthalte-natur-guadeloupe\/wanderungen-freiheit-guadeloupe-12-tage\/\" \/>\n<meta property=\"og:locale\" content=\"de_DE\" \/>\n<meta property=\"og:type\" content=\"article\" \/>\n<meta property=\"og:title\" content=\"Randonn\u00e9es Libert\u00e9 Guadeloupe 12 jours\" \/>\n<meta property=\"og:description\" content=\"Profitez d&#039;un s\u00e9jour randonn\u00e9e libert\u00e9 en Guadeloupe. Des randonn\u00e9es et des adresses pour d\u00e9couvrir la nature et la culture locale. R\u00e9servez d\u00e8s maintenant!\" \/>\n<meta property=\"og:url\" content=\"https:\/\/www.vert-intense.com\/de\/aktivitat-guadeloupe\/sportaufenthalte-natur-guadeloupe\/wanderungen-freiheit-guadeloupe-12-tage\/\" \/>\n<meta property=\"og:site_name\" content=\"Vert Intense\" \/>\n<meta property=\"article:publisher\" content=\"https:\/\/www.facebook.com\/vertintense\" \/>\n<meta property=\"article:modified_time\" content=\"2025-05-04T10:26:42+00:00\" \/>\n<meta property=\"og:image\" content=\"https:\/\/www.vert-intense.com\/wp-content\/uploads\/2023\/12\/20230316_104945-Copier.jpg\" \/>\n\t<meta property=\"og:image:width\" content=\"1178\" \/>\n\t<meta property=\"og:image:height\" content=\"887\" \/>\n\t<meta property=\"og:image:type\" content=\"image\/jpeg\" \/>\n<meta name=\"twitter:card\" content=\"summary_large_image\" \/>\n<meta name=\"twitter:label1\" content=\"Preis\" \/>\n\t<meta name=\"twitter:data1\" content=\"1 240&euro;\" \/>\n\t<meta name=\"twitter:label2\" content=\"Verf\u00fcgbarkeit\" \/>\n\t<meta name=\"twitter:data2\" content=\"Auf Lager\" \/>\n<script type=\"application\/ld+json\" class=\"yoast-schema-graph\">{\"@context\":\"https:\/\/schema.org\",\"@graph\":[{\"@type\":\"WebPage\",\"@id\":\"https:\/\/www.vert-intense.com\/activite-guadeloupe\/sejours-sportifs-nature-guadeloupe\/randonnees-liberte-guadeloupe-12-jours\/\",\"url\":\"https:\/\/www.vert-intense.com\/activite-guadeloupe\/sejours-sportifs-nature-guadeloupe\/randonnees-liberte-guadeloupe-12-jours\/\",\"name\":\"S\u00e9jour Randonn\u00e9e Libert\u00e9 en Guadeloupe: D\u00e9couvrez l'Archipel - Vert Intense\",\"isPartOf\":{\"@id\":\"https:\/\/www.vert-intense.com\/#website\"},\"primaryImageOfPage\":{\"@id\":\"https:\/\/www.vert-intense.com\/activite-guadeloupe\/sejours-sportifs-nature-guadeloupe\/randonnees-liberte-guadeloupe-12-jours\/#primaryimage\"},\"image\":{\"@id\":\"https:\/\/www.vert-intense.com\/activite-guadeloupe\/sejours-sportifs-nature-guadeloupe\/randonnees-liberte-guadeloupe-12-jours\/#primaryimage\"},\"thumbnailUrl\":\"https:\/\/i0.wp.com\/www.vert-intense.com\/wp-content\/uploads\/2023\/12\/20230316_104945-Copier.jpg?fit=1178%2C887&ssl=1\",\"datePublished\":\"2023-12-13T14:07:43+00:00\",\"dateModified\":\"2025-05-04T10:26:42+00:00\",\"description\":\"Profitez d'un s\u00e9jour randonn\u00e9e libert\u00e9 en Guadeloupe. Des randonn\u00e9es et des adresses pour d\u00e9couvrir la nature et la culture locale. R\u00e9servez d\u00e8s maintenant!\",\"breadcrumb\":{\"@id\":\"https:\/\/www.vert-intense.com\/activite-guadeloupe\/sejours-sportifs-nature-guadeloupe\/randonnees-liberte-guadeloupe-12-jours\/#breadcrumb\"},\"inLanguage\":\"de\",\"potentialAction\":[{\"@type\":\"ReadAction\",\"target\":[\"https:\/\/www.vert-intense.com\/activite-guadeloupe\/sejours-sportifs-nature-guadeloupe\/randonnees-liberte-guadeloupe-12-jours\/\"]}]},{\"@type\":\"ImageObject\",\"inLanguage\":\"de\",\"@id\":\"https:\/\/www.vert-intense.com\/activite-guadeloupe\/sejours-sportifs-nature-guadeloupe\/randonnees-liberte-guadeloupe-12-jours\/#primaryimage\",\"url\":\"https:\/\/i0.wp.com\/www.vert-intense.com\/wp-content\/uploads\/2023\/12\/20230316_104945-Copier.jpg?fit=1178%2C887&ssl=1\",\"contentUrl\":\"https:\/\/i0.wp.com\/www.vert-intense.com\/wp-content\/uploads\/2023\/12\/20230316_104945-Copier.jpg?fit=1178%2C887&ssl=1\",\"width\":1178,\"height\":887,\"caption\":\"Morne Morel, Terre de Haut, Les saintes Guadeloupe\"},{\"@type\":\"BreadcrumbList\",\"@id\":\"https:\/\/www.vert-intense.com\/activite-guadeloupe\/sejours-sportifs-nature-guadeloupe\/randonnees-liberte-guadeloupe-12-jours\/#breadcrumb\",\"itemListElement\":[{\"@type\":\"ListItem\",\"position\":1,\"name\":\"Accueil\",\"item\":\"https:\/\/www.vert-intense.com\/\"},{\"@type\":\"ListItem\",\"position\":2,\"name\":\"Activit\u00e9s nature en Guadeloupe\",\"item\":\"https:\/\/www.vert-intense.com\/\"},{\"@type\":\"ListItem\",\"position\":3,\"name\":\"Randonn\u00e9es Libert\u00e9 Guadeloupe 12 jours\"}]},{\"@type\":\"WebSite\",\"@id\":\"https:\/\/www.vert-intense.com\/#website\",\"url\":\"https:\/\/www.vert-intense.com\/\",\"name\":\"Vert-Intense\",\"description\":\"R\u00e9servez vos activit\u00e9s d\u00e9couvertes en Guadeloupe\",\"publisher\":{\"@id\":\"https:\/\/www.vert-intense.com\/#organization\"},\"potentialAction\":[{\"@type\":\"SearchAction\",\"target\":{\"@type\":\"EntryPoint\",\"urlTemplate\":\"https:\/\/www.vert-intense.com\/?s={search_term_string}\"},\"query-input\":{\"@type\":\"PropertyValueSpecification\",\"valueRequired\":true,\"valueName\":\"search_term_string\"}}],\"inLanguage\":\"de\"},{\"@type\":\"Organization\",\"@id\":\"https:\/\/www.vert-intense.com\/#organization\",\"name\":\"Vert-Intense\",\"url\":\"https:\/\/www.vert-intense.com\/\",\"logo\":{\"@type\":\"ImageObject\",\"inLanguage\":\"de\",\"@id\":\"https:\/\/www.vert-intense.com\/#\/schema\/logo\/image\/\",\"url\":\"https:\/\/i0.wp.com\/www.vert-intense.com\/wp-content\/uploads\/2023\/07\/logo.png?fit=960%2C960&ssl=1\",\"contentUrl\":\"https:\/\/i0.wp.com\/www.vert-intense.com\/wp-content\/uploads\/2023\/07\/logo.png?fit=960%2C960&ssl=1\",\"width\":960,\"height\":960,\"caption\":\"Vert-Intense\"},\"image\":{\"@id\":\"https:\/\/www.vert-intense.com\/#\/schema\/logo\/image\/\"},\"sameAs\":[\"https:\/\/www.facebook.com\/vertintense\",\"https:\/\/www.tripadvisor.fr\/Attraction_Review-g1644623-d1649481-Reviews-Vert_Intense-Saint_Claude_Basse_Terre_Island_Guadeloupe.html\",\"https:\/\/www.tiktok.com\/@vertintense\",\"https:\/\/www.instagram.com\/vertintenseguadeloupe\/\",\"https:\/\/www.youtube.com\/channel\/UCRymXR1Pa7n50AOgFy9n3bA\"]}]}<\/script>\n<meta property=\"product:price:amount\" content=\"1240\" \/>\n<meta property=\"product:price:currency\" content=\"EUR\" \/>\n<meta property=\"og:availability\" content=\"instock\" \/>\n<meta property=\"product:availability\" content=\"instock\" \/>\n<meta property=\"product:condition\" content=\"new\" \/>\n<!-- \/ Yoast SEO Premium plugin. -->","yoast_head_json":{"title":"Wanderurlaub in Guadeloupe: Entdecken Sie den Archipel - Intense Green","description":"Genie\u00dfen Sie einen freien Wanderurlaub auf Guadeloupe. Wanderungen und Adressen, um die Natur und die lokale Kultur zu entdecken. Buchen Sie jetzt!","robots":{"index":"index","follow":"follow","max-snippet":"max-snippet:-1","max-image-preview":"max-image-preview:large","max-video-preview":"max-video-preview:-1"},"canonical":"https:\/\/www.vert-intense.com\/de\/aktivitat-guadeloupe\/sportaufenthalte-natur-guadeloupe\/wanderungen-freiheit-guadeloupe-12-tage\/","og_locale":"de_DE","og_type":"article","og_title":"Randonn\u00e9es Libert\u00e9 Guadeloupe 12 jours","og_description":"Profitez d'un s\u00e9jour randonn\u00e9e libert\u00e9 en Guadeloupe. Des randonn\u00e9es et des adresses pour d\u00e9couvrir la nature et la culture locale. R\u00e9servez d\u00e8s maintenant!","og_url":"https:\/\/www.vert-intense.com\/de\/aktivitat-guadeloupe\/sportaufenthalte-natur-guadeloupe\/wanderungen-freiheit-guadeloupe-12-tage\/","og_site_name":"Vert Intense","article_publisher":"https:\/\/www.facebook.com\/vertintense","article_modified_time":"2025-05-04T10:26:42+00:00","og_image":[{"width":1178,"height":887,"url":"https:\/\/www.vert-intense.com\/wp-content\/uploads\/2023\/12\/20230316_104945-Copier.jpg","type":"image\/jpeg"}],"twitter_card":"summary_large_image","twitter_misc":{"Preis":"1 240&euro;","Verf\u00fcgbarkeit":"Auf Lager"},"schema":{"@context":"https:\/\/schema.org","@graph":[{"@type":"WebPage","@id":"https:\/\/www.vert-intense.com\/activite-guadeloupe\/sejours-sportifs-nature-guadeloupe\/randonnees-liberte-guadeloupe-12-jours\/","url":"https:\/\/www.vert-intense.com\/activite-guadeloupe\/sejours-sportifs-nature-guadeloupe\/randonnees-liberte-guadeloupe-12-jours\/","name":"Wanderurlaub in Guadeloupe: Entdecken Sie den Archipel - Intense Green","isPartOf":{"@id":"https:\/\/www.vert-intense.com\/#website"},"primaryImageOfPage":{"@id":"https:\/\/www.vert-intense.com\/activite-guadeloupe\/sejours-sportifs-nature-guadeloupe\/randonnees-liberte-guadeloupe-12-jours\/#primaryimage"},"image":{"@id":"https:\/\/www.vert-intense.com\/activite-guadeloupe\/sejours-sportifs-nature-guadeloupe\/randonnees-liberte-guadeloupe-12-jours\/#primaryimage"},"thumbnailUrl":"https:\/\/i0.wp.com\/www.vert-intense.com\/wp-content\/uploads\/2023\/12\/20230316_104945-Copier.jpg?fit=1178%2C887&ssl=1","datePublished":"2023-12-13T14:07:43+00:00","dateModified":"2025-05-04T10:26:42+00:00","description":"Genie\u00dfen Sie einen freien Wanderurlaub auf Guadeloupe. Wanderungen und Adressen, um die Natur und die lokale Kultur zu entdecken. Buchen Sie jetzt!","breadcrumb":{"@id":"https:\/\/www.vert-intense.com\/activite-guadeloupe\/sejours-sportifs-nature-guadeloupe\/randonnees-liberte-guadeloupe-12-jours\/#breadcrumb"},"inLanguage":"de","potentialAction":[{"@type":"ReadAction","target":["https:\/\/www.vert-intense.com\/activite-guadeloupe\/sejours-sportifs-nature-guadeloupe\/randonnees-liberte-guadeloupe-12-jours\/"]}]},{"@type":"ImageObject","inLanguage":"de","@id":"https:\/\/www.vert-intense.com\/activite-guadeloupe\/sejours-sportifs-nature-guadeloupe\/randonnees-liberte-guadeloupe-12-jours\/#primaryimage","url":"https:\/\/i0.wp.com\/www.vert-intense.com\/wp-content\/uploads\/2023\/12\/20230316_104945-Copier.jpg?fit=1178%2C887&ssl=1","contentUrl":"https:\/\/i0.wp.com\/www.vert-intense.com\/wp-content\/uploads\/2023\/12\/20230316_104945-Copier.jpg?fit=1178%2C887&ssl=1","width":1178,"height":887,"caption":"Morne Morel, Terre de Haut, Les saintes Guadeloupe"},{"@type":"BreadcrumbList","@id":"https:\/\/www.vert-intense.com\/activite-guadeloupe\/sejours-sportifs-nature-guadeloupe\/randonnees-liberte-guadeloupe-12-jours\/#breadcrumb","itemListElement":[{"@type":"ListItem","position":1,"name":"Accueil","item":"https:\/\/www.vert-intense.com\/"},{"@type":"ListItem","position":2,"name":"Activit\u00e9s nature en Guadeloupe","item":"https:\/\/www.vert-intense.com\/"},{"@type":"ListItem","position":3,"name":"Randonn\u00e9es Libert\u00e9 Guadeloupe 12 jours"}]},{"@type":"WebSite","@id":"https:\/\/www.vert-intense.com\/#website","url":"https:\/\/www.vert-intense.com\/","name":"Gr\u00fcn-Intensiv","description":"Buchen Sie Ihre Entdeckungsreisen in Guadeloupe","publisher":{"@id":"https:\/\/www.vert-intense.com\/#organization"},"potentialAction":[{"@type":"SearchAction","target":{"@type":"EntryPoint","urlTemplate":"https:\/\/www.vert-intense.com\/?s={search_term_string}"},"query-input":{"@type":"PropertyValueSpecification","valueRequired":true,"valueName":"search_term_string"}}],"inLanguage":"de"},{"@type":"Organization","@id":"https:\/\/www.vert-intense.com\/#organization","name":"Gr\u00fcn-Intensiv","url":"https:\/\/www.vert-intense.com\/","logo":{"@type":"ImageObject","inLanguage":"de","@id":"https:\/\/www.vert-intense.com\/#\/schema\/logo\/image\/","url":"https:\/\/i0.wp.com\/www.vert-intense.com\/wp-content\/uploads\/2023\/07\/logo.png?fit=960%2C960&ssl=1","contentUrl":"https:\/\/i0.wp.com\/www.vert-intense.com\/wp-content\/uploads\/2023\/07\/logo.png?fit=960%2C960&ssl=1","width":960,"height":960,"caption":"Vert-Intense"},"image":{"@id":"https:\/\/www.vert-intense.com\/#\/schema\/logo\/image\/"},"sameAs":["https:\/\/www.facebook.com\/vertintense","https:\/\/www.tripadvisor.fr\/Attraction_Review-g1644623-d1649481-Reviews-Vert_Intense-Saint_Claude_Basse_Terre_Island_Guadeloupe.html","https:\/\/www.tiktok.com\/@vertintense","https:\/\/www.instagram.com\/vertintenseguadeloupe\/","https:\/\/www.youtube.com\/channel\/UCRymXR1Pa7n50AOgFy9n3bA"]}]},"product_price_amount":"1240","product_price_currency":"EUR","og_availability":"instock","product_availability":"instock","product_condition":"new"},"jetpack_sharing_enabled":true,"_links":{"self":[{"href":"https:\/\/www.vert-intense.com\/de\/wp-json\/wp\/v2\/product\/2558"}],"collection":[{"href":"https:\/\/www.vert-intense.com\/de\/wp-json\/wp\/v2\/product"}],"about":[{"href":"https:\/\/www.vert-intense.com\/de\/wp-json\/wp\/v2\/types\/product"}],"wp:featuredmedia":[{"embeddable":true,"href":"https:\/\/www.vert-intense.com\/de\/wp-json\/wp\/v2\/media\/2537"}],"wp:attachment":[{"href":"https:\/\/www.vert-intense.com\/de\/wp-json\/wp\/v2\/media?parent=2558"}],"wp:term":[{"taxonomy":"product_cat","embeddable":true,"href":"https:\/\/www.vert-intense.com\/de\/wp-json\/wp\/v2\/product_cat?post=2558"},{"taxonomy":"product_tag","embeddable":true,"href":"https:\/\/www.vert-intense.com\/de\/wp-json\/wp\/v2\/product_tag?post=2558"}],"curies":[{"name":"wp","href":"https:\/\/api.w.org\/{rel}","templated":true}]}}