{"id":3,"date":"2023-07-05T16:05:29","date_gmt":"2023-07-05T14:05:29","guid":{"rendered":"http:\/\/xedhqzi.cluster100.hosting.ovh.net\/?page_id=3"},"modified":"2024-10-05T13:14:51","modified_gmt":"2024-10-05T17:14:51","slug":"datenschutzrichtlinie","status":"publish","type":"page","link":"https:\/\/www.vert-intense.com\/de\/datenschutzrichtlinie\/","title":{"rendered":"Datenschutzrichtlinie"},"content":{"rendered":"<p>Diese Anwendung sammelt bestimmte pers\u00f6nliche Daten von ihren Nutzern.<\/p>\n\n\n\n<p>Dieses Dokument kann zu Ansichtszwecken ausgedruckt werden, indem Sie den Druckbefehl in den Einstellungen eines beliebigen Browsers verwenden.<\/p>\n\n\n\n<h2 class=\"wp-block-heading\" id=\"owner_of_the_data\">Eigent\u00fcmer und Verantwortlicher f\u00fcr die Verarbeitung<\/h2>\n\n\n\n<p>Gr\u00fcn-Intensiv<br>Impasse des Gard\u00e9nias (Stra\u00dfe der Gardenien)<br>97120 Saint Claude<\/p>\n\n\n\n<p><strong>Kontakt-E-Mail des Eigent\u00fcmers :<\/strong> compta@vert-intense.com<\/p>\n\n\n\n<h2 class=\"wp-block-heading\" id=\"types_of_data\">Arten von gesammelten Daten<\/h2>\n\n\n\n<p>Zu den Arten von personenbezogenen Daten, die diese Anwendung direkt oder \u00fcber Dritte sammelt, geh\u00f6ren: E-Mail-Adresse, Vorname, Nachname, Nutzungsdaten, Tracker.<\/p>\n\n\n\n<p class=\"translation-block\">Vollst\u00e4ndige Details zu jeder Art von erhobenen personenbezogenen Daten sind in den Abschnitten zu dieser Datenschutzrichtlinie oder durch spezielle Erl\u00e4uterungstexte, die vor der Erhebung der Daten ver\u00f6ffentlicht werden, enthalten.<br> Personenbezogene Daten k\u00f6nnen vom Nutzer freiwillig angegeben werden oder, im Falle von Nutzungsdaten, automatisch erhoben werden, wenn Sie diese Anwendung nutzen.<br> Sofern nicht anders angegeben, sind alle von dieser Anwendung angeforderten Daten obligatorisch und ihr Fehlen kann dazu f\u00fchren, dass die Bereitstellung der Dienste durch diese Anwendung nicht m\u00f6glich ist. Falls diese Anwendung angibt, dass bestimmte Daten nicht obligatorisch sind, steht es den Nutzern frei, diese Daten nicht anzugeben, ohne dass dies Auswirkungen auf die Verf\u00fcgbarkeit oder den Betrieb des Dienstes hat.<br> Nutzer, die Zweifel hinsichtlich der obligatorischen pers\u00f6nlichen Daten haben, werden gebeten, den Eigent\u00fcmer zu kontaktieren.<br>Jede Verwendung von Cookies - oder anderen Tracking-Tools - durch diese Anwendung oder durch die Eigent\u00fcmer von Drittanbieterdiensten, die von dieser Anwendung genutzt werden, dient dazu, den vom Nutzer gew\u00fcnschten Dienst bereitzustellen, zus\u00e4tzlich zu den anderen Zwecken, die in diesem Dokument und in der Cookie-Richtlinie beschrieben sind.<\/p>\n\n\n\n<p>Die Nutzer sind f\u00fcr alle Pers\u00f6nlichen Daten Dritter verantwortlich, die sie durch diese Anwendung erhalten, ver\u00f6ffentlicht oder weitergegeben haben.<\/p>\n\n\n\n<h2 class=\"wp-block-heading\" id=\"place_of_processing\">Art und Ort der Datenverarbeitung<\/h2>\n\n\n\n<h3 class=\"wp-block-heading\">Methoden der Behandlung<\/h3>\n\n\n\n<p class=\"translation-block\">Der Eigent\u00fcmer ergreift geeignete Sicherheitsma\u00dfnahmen, um den unbefugten Zugriff, die unbefugte Offenlegung, \u00c4nderung oder Vernichtung der Daten zu verhindern.<br> Die Verarbeitung der Daten erfolgt mit Hilfe von Computern oder Computerwerkzeugen, wobei Verfahren und Organisationsformen befolgt werden, die eng mit den angegebenen Zwecken verkn\u00fcpft sind. Neben dem Eigent\u00fcmer k\u00f6nnen die Daten in einigen F\u00e4llen auch bestimmten Kategorien von Personen zug\u00e4nglich sein, die mit dem Betrieb dieser Anwendung betraut sind (Verwaltung, Vertrieb, Marketing, Rechtsabteilung, Systemadministration) oder externen Parteien (wie Drittanbietern von technischen Dienstleistungen, Kurierdiensten, Hosting-Anbietern, IT-Unternehmen, Kommunikationsagenturen), die vom Eigent\u00fcmer gegebenenfalls als Auftragsverarbeiter bezeichnet werden. Eine aktualisierte Liste dieser Parteien kann jederzeit beim Eigent\u00fcmer angefordert werden.<\/p>\n\n\n\n<h3 class=\"wp-block-heading\">Ort der Behandlung<\/h3>\n\n\n\n<p class=\"translation-block\">Die Daten werden am Hauptsitz des Eigent\u00fcmers und an allen anderen Orten, an denen sich die f\u00fcr die Verarbeitung verantwortlichen Parteien befinden, verarbeitet.<br> Je nach Standort des Nutzers kann die Daten\u00fcbertragung dazu f\u00fchren, dass die Daten des Nutzers in ein anderes Land als sein eigenes \u00fcbertragen werden. Um mehr dar\u00fcber zu erfahren, wo diese \u00fcbertragenen Daten verarbeitet werden, k\u00f6nnen die Nutzer den Abschnitt lesen, der Einzelheiten \u00fcber die Verarbeitung personenbezogener Daten enth\u00e4lt.<\/p>\n\n\n\n<h3 class=\"wp-block-heading\">Aufbewahrungszeit<\/h3>\n\n\n\n<p>Sofern in diesem Dokument nicht anders angegeben, werden personenbezogene Daten so lange verarbeitet und aufbewahrt, wie es f\u00fcr den Zweck, f\u00fcr den sie erhoben wurden, erforderlich ist, und k\u00f6nnen aufgrund einer anwendbaren rechtlichen Verpflichtung oder auf der Grundlage der Zustimmung des Nutzers l\u00e4nger aufbewahrt werden.<\/p>\n\n\n\n<h2 class=\"wp-block-heading\" id=\"use_collected_data\">Zweck der Verarbeitung<\/h2>\n\n\n\n<p>Die Nutzerdaten werden erhoben, um es dem EIGENT\u00dcMER zu erm\u00f6glichen, seinen Dienst anzubieten, seine Verpflichtungen zu erf\u00fcllen, auf Anfragen zur Durchsetzung von Gesetzen zu reagieren, seine Rechte und Interessen (oder die seiner Nutzer oder Dritter) zu sch\u00fctzen, b\u00f6swillige oder betr\u00fcgerische Aktivit\u00e4ten aufzudecken sowie das Folgende zu tun: Kontaktaufnahme mit dem Nutzer und Anzeige von Inhalten von externen Plattformen.<\/p>\n\n\n\n<p>Um genaue Informationen dar\u00fcber zu erhalten, welche personenbezogenen Daten f\u00fcr welchen Zweck verwendet werden, kann der Nutzer den Abschnitt \"Detaillierte Informationen \u00fcber die Verarbeitung personenbezogener Daten\" konsultieren.<\/p>\n\n\n\n<h2 class=\"wp-block-heading\" id=\"data_processing_detailed_info\">Ausf\u00fchrliche Informationen \u00fcber die Verarbeitung personenbezogener Daten<\/h2>\n\n\n\n<p>Personenbezogene Daten werden f\u00fcr die folgenden Zwecke mithilfe verschiedener Dienste erhoben:<\/p>\n\n\n\n<ul class=\"wp-block-list\">\n<li>Anzeige von Inhalten von externen Plattformen Diese Art von Diensten erm\u00f6glicht es Ihnen, Inhalte, die auf externen Plattformen gehostet werden, direkt von den Seiten dieser Anwendung aus anzuzeigen und mit ihnen zu interagieren. Wenn ein solcher Dienst installiert ist, kann er immer noch Daten \u00fcber den Webverkehr auf den Seiten sammeln, auch wenn der Nutzer ihn nicht nutzt.Google Fonts (Google LLC)Google Fonts ist ein von Google LLC bereitgestellter Dienst zur Anzeige von Schriftarten, der es dieser Anwendung erm\u00f6glicht, solche Inhalte auf ihren Seiten einzubetten.Verarbeitete personenbezogene Daten: Nutzungsdaten; Tracker.Ort der Verarbeitung: Vereinigte Staaten von Amerika -. <a href=\"https:\/\/policies.google.com\/privacy\" target=\"_blank\" rel=\"noreferrer noopener\">Datenschutzrichtlinie<\/a>.<\/li>\n\n\n\n<li>Nutzer kontaktieren Mailingliste oder Newsletter (diese Anwendung)Die Aufnahme in die Mailingliste oder den Newsletter f\u00fchrt dazu, dass die E-Mail-Adresse des Nutzers in die Kontaktliste der Personen aufgenommen wird, die E-Mails mit kommerziellen oder werbenden Informationen \u00fcber diese Anwendung erhalten k\u00f6nnen. Ihre E-Mail-Adresse kann auch in diese Liste aufgenommen werden, wenn Sie sich f\u00fcr diese Anwendung registrieren oder einen Kauf t\u00e4tigen.Verarbeitete personenbezogene Daten: E-Mail-Adresse; Nachname; Vorname.<\/li>\n<\/ul>\n\n\n\n<h2 class=\"wp-block-heading\" id=\"cookie_policy\">Cookie-Richtlinie<\/h2>\n\n\n\n<p class=\"translation-block\">Diese Anwendung verwendet Tracker. F\u00fcr weitere Informationen k\u00f6nnen die Nutzer die <a href=\"http:\/\/xedhqzi.cluster100.hosting.ovh.net\/politique-de-cookies\/\" data-type=\"page\" data-id=\"1831\" target=\"_self\">Cookie-Richtlinie<\/a> konsultieren.<\/p>\n\n\n\n<h2 class=\"wp-block-heading\" id=\"cookie_policy_further_information\">Zus\u00e4tzliche Informationen f\u00fcr Nutzer<\/h2>\n\n\n\n<h3 class=\"wp-block-heading\">Rechtsgrundlage der Verarbeitung<\/h3>\n\n\n\n<p>Der Eigent\u00fcmer darf die personenbezogenen Daten der Nutzer verarbeiten, wenn eine der folgenden Bedingungen zutrifft:<\/p>\n\n\n\n<ul class=\"wp-block-list\">\n<li>die Nutzer haben ihre Zustimmung f\u00fcr einen oder mehrere bestimmte Zwecke gegeben; Bitte beachten Sie: Nach bestimmten Gesetzen kann der Eigent\u00fcmer berechtigt sein, Pers\u00f6nliche Daten zu verarbeiten, bis der Nutzer widerspricht (\"opt-out\"), ohne von der Zustimmung oder einer der folgenden Rechtsgrundlagen abh\u00e4ngig zu sein. Diese Bedingung gilt jedoch nicht, wenn die Verarbeitung der Pers\u00f6nlichen Daten dem europ\u00e4ischen Datenschutzgesetz unterliegt ;<\/li>\n\n\n\n<li>die Bereitstellung von Daten f\u00fcr die Erf\u00fcllung einer Vereinbarung mit dem Nutzer oder f\u00fcr eine vorvertragliche Verpflichtung des Nutzers erforderlich ist ;<\/li>\n\n\n\n<li>Die Verarbeitung ist notwendig, um einer rechtlichen Verpflichtung nachzukommen, der der EIGENT\u00dcMER unterliegt;<\/li>\n\n\n\n<li>die Verarbeitung mit einer Aufgabe verbunden ist, die im \u00f6ffentlichen Interesse oder in Aus\u00fcbung der dem Eigent\u00fcmer \u00fcbertragenen \u00f6ffentlichen Gewalt erfolgt ;<\/li>\n\n\n\n<li>die Verarbeitung ist f\u00fcr die legitimen Interessen, die der EIGENT\u00dcMER oder ein Dritter verfolgt, erforderlich.<\/li>\n<\/ul>\n\n\n\n<p>In jedem Fall hilft Ihnen der Eigent\u00fcmer gerne bei der Kl\u00e4rung der spezifischen Rechtsgrundlage, die f\u00fcr die Verarbeitung gilt, und insbesondere, ob die Bereitstellung Pers\u00f6nlicher Daten eine gesetzliche oder vertragliche Anforderung ist oder eine Anforderung, die f\u00fcr den Abschluss eines Vertrags erforderlich ist.<\/p>\n\n\n\n<h3 class=\"wp-block-heading\">Weitere Informationen zur Haltbarkeitsdauer<\/h3>\n\n\n\n<p>Sofern in diesem Dokument nicht anders angegeben, werden personenbezogene Daten so lange verarbeitet und aufbewahrt, wie es f\u00fcr den Zweck, f\u00fcr den sie erhoben wurden, erforderlich ist, und k\u00f6nnen aufgrund einer anwendbaren rechtlichen Verpflichtung oder auf der Grundlage der Zustimmung des Nutzers l\u00e4nger aufbewahrt werden.<\/p>\n\n\n\n<p>Daraus folgt:<\/p>\n\n\n\n<ul class=\"wp-block-list\">\n<li>Personenbezogene Daten, die f\u00fcr Zwecke im Zusammenhang mit der Erf\u00fcllung eines Vertrages zwischen dem EIGENT\u00dcMER und dem NUTZER erhoben werden, m\u00fcssen bis zur vollst\u00e4ndigen Erf\u00fcllung des Vertrages aufbewahrt werden.<\/li>\n\n\n\n<li>Personenbezogene Daten, die f\u00fcr die legitimen Interessen des Eigners gesammelt werden, m\u00fcssen so lange aufbewahrt werden, wie es f\u00fcr die Erreichung dieser Ziele notwendig ist. Die Nutzer k\u00f6nnen spezifische Informationen \u00fcber die vom Eigent\u00fcmer verfolgten legitimen Interessen in den entsprechenden Abschnitten dieses Dokuments oder durch Kontaktaufnahme mit dem Eigent\u00fcmer finden.<\/li>\n<\/ul>\n\n\n\n<p class=\"translation-block\">Der Eigent\u00fcmer kann berechtigt sein, Pers\u00f6nliche Daten l\u00e4nger zu speichern, wann immer der Nutzer seine Zustimmung zu einer solchen Verarbeitung gegeben hat, solange diese Zustimmung nicht widerrufen wird. Dar\u00fcber hinaus kann der Eigent\u00fcmer verpflichtet sein, Pers\u00f6nliche Daten l\u00e4nger zu speichern, wann immer dies erforderlich ist, um einer gesetzlichen Verpflichtung nachzukommen oder auf Anordnung einer Beh\u00f6rde.<br><br>Nach Ablauf der Aufbewahrungsfrist werden die Pers\u00f6nlichen Daten gel\u00f6scht. Daher k\u00f6nnen das Recht auf Zugang, das Recht auf L\u00f6schung, das Recht auf Berichtigung und das Recht auf Daten\u00fcbertragbarkeit nach Ablauf der Aufbewahrungsfrist nicht mehr angewendet werden.<\/p>\n\n\n\n<h3 class=\"wp-block-heading\" id=\"rights_subjects\">Rechte der Nutzerinnen und Nutzer<\/h3>\n\n\n\n<p>Die Nutzer k\u00f6nnen bestimmte Rechte in Bezug auf ihre vom Eigent\u00fcmer verarbeiteten Daten aus\u00fcben.<\/p>\n\n\n\n<p>Die Nutzer haben insbesondere das Recht, Folgendes zu tun, soweit dies gesetzlich zul\u00e4ssig ist:<\/p>\n\n\n\n<ul class=\"wp-block-list\">\n<li class=\"translation-block\"><strong>Einwilligung jederzeit widerrufen.<\/strong> Die Nutzer haben das Recht, ihre Einwilligung zu widerrufen, wenn sie bereits ihre Zustimmung zur Verarbeitung ihrer Pers\u00f6nlichen Daten erteilt haben.<\/li>\n\n\n\n<li class=\"translation-block\"><strong>Widerspruch gegen die Verarbeitung ihrer Daten einlegen.<\/strong> Die Nutzer haben das Recht, gegen die Verarbeitung ihrer Daten Widerspruch einzulegen, wenn die Verarbeitung auf einer anderen Rechtsgrundlage als der Einwilligung erfolgt.<\/li>\n\n\n\n<li class=\"translation-block\"><strong>Zugriff auf ihre Daten.<\/strong> Die Nutzer haben das Recht zu erfahren, ob die Daten vom Eigent\u00fcmer verarbeitet werden, Informationen \u00fcber bestimmte Aspekte der Verarbeitung zu erhalten und eine Kopie der Daten zu erhalten, die gerade verarbeitet werden.<\/li>\n\n\n\n<li class=\"translation-block\"><strong>\u00dcberpr\u00fcfen und Berichtigung erwirken.<\/strong> Die Nutzer haben das Recht, die Richtigkeit ihrer Daten zu \u00fcberpr\u00fcfen und eine Aktualisierung oder Berichtigung zu verlangen.<\/li>\n\n\n\n<li class=\"translation-block\"><strong>Die Verarbeitung ihrer Daten einschr\u00e4nken.<\/strong> Die Nutzer haben das Recht, die Verarbeitung ihrer Daten einzuschr\u00e4nken. In diesem Fall wird der Eigent\u00fcmer ihre Daten nur zum Zweck der Speicherung verarbeiten.<\/li>\n\n\n\n<li class=\"translation-block\"><strong>Ihre pers\u00f6nlichen Daten l\u00f6schen oder entfernen lassen.<\/strong> Die Nutzer haben das Recht, die L\u00f6schung ihrer Daten vom Eigent\u00fcmer zu verlangen.<\/li>\n\n\n\n<li class=\"translation-block\"><strong>Ihre Daten abrufen und sie an einen anderen Datenverarbeiter \u00fcbertragen lassen.<\/strong> Die Nutzer haben das Recht, ihre Daten in einem strukturierten, g\u00e4ngigen und maschinenlesbaren Format abzurufen und, wenn dies technisch m\u00f6glich ist, ohne Hindernisse jeglicher Art an einen anderen Datenverarbeiter \u00fcbertragen zu lassen.<\/li>\n\n\n\n<li class=\"translation-block\"><strong>Beschwerde einreichen.<\/strong> Die Nutzer haben das Recht, eine Beschwerde bei ihrer zust\u00e4ndigen Datenschutzbeh\u00f6rde einzureichen.<\/li>\n<\/ul>\n\n\n\n<p>Die Nutzer haben au\u00dferdem das Recht, die Rechtsgrundlage f\u00fcr die \u00dcbermittlung von Daten in ein anderes Land zu erfahren, insbesondere an eine internationale Organisation, die dem V\u00f6lkerrecht unterliegt oder von zwei oder mehr L\u00e4ndern gegr\u00fcndet wurde, wie die Vereinten Nationen, sowie die Sicherheitsma\u00dfnahmen, die der Eigent\u00fcmer zur Sicherung ihrer Daten ergreift.<\/p>\n\n\n\n<h4 class=\"wp-block-heading\">Informationen \u00fcber das Recht auf Widerspruch gegen die Verarbeitung<\/h4>\n\n\n\n<p><strong>Wenn personenbezogene Daten im \u00f6ffentlichen Interesse, in Aus\u00fcbung einer dem Eigent\u00fcmer \u00fcbertragenen offiziellen Befugnis oder f\u00fcr die Zwecke der vom Eigent\u00fcmer verfolgten legitimen Interessen verarbeitet werden, k\u00f6nnen die Nutzer dieser Verarbeitung widersprechen, indem sie einen Grund angeben, der mit ihrer besonderen Situation zusammenh\u00e4ngt, die diesen Widerspruch rechtfertigen soll.<\/strong><\/p>\n\n\n\n<p><strong>Die Nutzer sollten jedoch wissen, dass sie, wenn ihre Pers\u00f6nlichen Daten zu Zwecken des Direktmarketings verarbeitet werden, dieser Verarbeitung jederzeit kostenlos und ohne Angabe von Gr\u00fcnden widersprechen k\u00f6nnen. Wenn der Nutzer der Verarbeitung zu Werbezwecken widerspricht, werden die Pers\u00f6nlichen Daten nicht mehr zu diesen Zwecken verarbeitet. Um zu erfahren, ob der Eigent\u00fcmer Pers\u00f6nliche Daten zum Zwecke des Direktmarketings verarbeitet, k\u00f6nnen die Nutzer die entsprechenden Abschnitte dieses Dokuments lesen.<\/strong><\/p>\n\n\n\n<h4 class=\"wp-block-heading\">Wie Sie diese Rechte aus\u00fcben k\u00f6nnen<\/h4>\n\n\n\n<p>Jeder Antrag auf Aus\u00fcbung der Rechte des Nutzers kann an den Eigent\u00fcmer \u00fcber die in diesem Dokument angegebenen Kontaktdaten gerichtet werden. Derartige Anfragen k\u00f6nnen kostenlos gestellt werden und werden vom Eigent\u00fcmer so schnell wie m\u00f6glich und immer innerhalb eines Monats beantwortet, indem er dem Nutzer die gesetzlich vorgeschriebenen Informationen zur Verf\u00fcgung stellt. Jede Berichtigung oder L\u00f6schung von personenbezogenen Daten oder jede Einschr\u00e4nkung der Verarbeitung wird vom Eigent\u00fcmer jedem Empf\u00e4nger, dem die personenbezogenen Daten offengelegt wurden, mitgeteilt, sofern dies nicht unm\u00f6glich ist oder einen unverh\u00e4ltnism\u00e4\u00dfigen Aufwand erfordert. Auf Anfrage des Nutzers wird der Eigner den Nutzer \u00fcber diese Empf\u00e4nger informieren.<\/p>\n\n\n\n<h2 class=\"wp-block-heading\" id=\"further_data_processing_info\">Zus\u00e4tzliche Informationen \u00fcber die Verarbeitung und Sammlung von Daten<\/h2>\n\n\n\n<h3 class=\"wp-block-heading\">Klage vor Gericht<\/h3>\n\n\n\n<p class=\"translation-block\">Die Pers\u00f6nlichen Daten des Nutzers k\u00f6nnen vom Eigent\u00fcmer zu rechtlichen Zwecken vor Gericht oder in den Phasen verwendet werden, die zu einer Klage f\u00fchren k\u00f6nnen, die sich aus einer unangemessenen Nutzung dieser Anwendung oder der damit verbundenen Dienste ergibt.<br> Der Nutzer ist sich bewusst, dass der Eigent\u00fcmer auf Anfrage von Beh\u00f6rden Pers\u00f6nliche Daten offenlegen muss.<\/p>\n\n\n\n<h3 class=\"wp-block-heading\">Zus\u00e4tzliche Informationen zu den Pers\u00f6nlichen Daten des Nutzers<\/h3>\n\n\n\n<p>Zus\u00e4tzlich zu den in dieser Datenschutzrichtlinie enthaltenen Informationen kann diese Anwendung dem Nutzer weitere Informationen und Kontextinformationen \u00fcber bestimmte Dienste oder die Erhebung und Verarbeitung personenbezogener Daten zur Verf\u00fcgung stellen.<\/p>\n\n\n\n<h3 class=\"wp-block-heading\">System- und Wartungsprotokolle<\/h3>\n\n\n\n<p>Zu Betriebs- und Wartungszwecken k\u00f6nnen diese Anwendung und jeder Drittanbieterdienst Dateien sammeln, die Interaktionen mit dieser Anwendung aufzeichnen (Systemprotokolle), oder zu diesem Zweck andere Pers\u00f6nliche Daten (wie die IP-Adresse) verwenden.<\/p>\n\n\n\n<h3 class=\"wp-block-heading\">Informationen, die nicht in dieser Richtlinie enthalten sind<\/h3>\n\n\n\n<p>Weitere Informationen \u00fcber die Erhebung oder Verarbeitung von Pers\u00f6nlichen Daten k\u00f6nnen jederzeit beim Eigent\u00fcmer angefordert werden. Bitte beachten Sie die Kontaktdaten am Anfang dieses Dokuments.<\/p>\n\n\n\n<h3 class=\"wp-block-heading\">\u00c4nderungen an dieser Datenschutzrichtlinie<\/h3>\n\n\n\n<p class=\"translation-block\">Der EIGENT\u00dcMER beh\u00e4lt sich das Recht vor, jederzeit \u00c4nderungen an dieser Datenschutzrichtlinie vorzunehmen, indem er seine Nutzer auf dieser Seite und m\u00f6glicherweise in dieser Anwendung informiert oder - soweit dies technisch und rechtlich m\u00f6glich ist - indem er den Nutzern \u00fcber die dem EIGENT\u00dcMER zur Verf\u00fcgung stehenden Kontaktdaten eine Mitteilung zukommen l\u00e4sst. Es wird dringend empfohlen, diese Seite h\u00e4ufig zu besuchen und sich dabei auf das unten angegebene Datum der letzten \u00c4nderung zu beziehen.<br><br>Wenn die \u00c4nderungen die Verarbeitungst\u00e4tigkeiten beeinflussen, die auf der Grundlage der Einwilligung des Nutzers durchgef\u00fchrt werden, muss der Eigent\u00fcmer gegebenenfalls eine neue Einwilligung des Nutzers einholen.<\/p>\n\n\n\n<h3 class=\"wp-block-heading\" id=\"definitions_and_legal_references\">Definitionen und rechtliche Hinweise<\/h3>\n\n\n\n<h4 class=\"wp-block-heading\">Pers\u00f6nliche Daten (oder Daten)<\/h4>\n\n\n\n<p>Jede Information, die direkt, indirekt oder in Verbindung mit anderen Informationen - einschlie\u00dflich einer pers\u00f6nlichen Identifikationsnummer - die Identifizierung oder Identifizierbarkeit einer nat\u00fcrlichen Person erm\u00f6glicht.<\/p>\n\n\n\n<h4 class=\"wp-block-heading\">Nutzungsdaten<\/h4>\n\n\n\n<p>Informationen, die automatisch von dieser Anwendung (oder von Diensten Dritter, die von dieser Anwendung eingesetzt werden) gesammelt werden und die IP-Adressen oder Domainnamen der Computer, die von den Nutzern verwendet werden, die diese Anwendung nutzen, URI-Adressen (Uniform Resource Identifier), die Uhrzeit der Anfrage, die Methode, mit der die Anfrage an den Server \u00fcbermittelt wurde, die Gr\u00f6\u00dfe der als Antwort erhaltenen Datei, der numerische Code, der den Status der Serverantwort angibt (positives Ergebnis, Fehler, etc.), das Herkunftsland, die Eigenschaften des vom Nutzer verwendeten Browsers und Betriebssystems, verschiedene Details zur Zeit pro Besuch (z. B. die Zeit, die auf jeder Seite in der Anwendung verbracht wird) und Details zum Weg durch die Anwendung mit besonderem Bezug auf die Reihenfolge der besuchten Seiten, sowie andere Parameter, die das Betriebssystem oder die Computerumgebung des Nutzers betreffen.<\/p>\n\n\n\n<h4 class=\"wp-block-heading\">Benutzer<\/h4>\n\n\n\n<p>Die Person, die diese Anwendung nutzt, die, sofern nicht anders angegeben, der Betroffenen Person entspricht.<\/p>\n\n\n\n<h4 class=\"wp-block-heading\">Betroffene Person<\/h4>\n\n\n\n<p>Die nat\u00fcrliche Person, auf die sich die Pers\u00f6nlichen Daten beziehen.<\/p>\n\n\n\n<h4 class=\"wp-block-heading\">Subunternehmer<\/h4>\n\n\n\n<p>Die nat\u00fcrliche oder juristische Person, Beh\u00f6rde, Institution oder jede andere Stelle, die personenbezogene Daten im Auftrag des Verantwortlichen verarbeitet, wie in dieser Datenschutzrichtlinie beschrieben.<\/p>\n\n\n\n<h4 class=\"wp-block-heading\">Verantwortlicher f\u00fcr die Verarbeitung (oder Eigent\u00fcmer)<\/h4>\n\n\n\n<p>Die nat\u00fcrliche oder juristische Person, Beh\u00f6rde, Institution oder jede andere Stelle, die allein oder gemeinsam mit anderen die Zwecke und Mittel der Verarbeitung personenbezogener Daten festlegt, einschlie\u00dflich der Sicherheitsma\u00dfnahmen, die den Betrieb und die Nutzung dieser Anwendung betreffen. Sofern nicht anders angegeben, ist der Verantwortliche f\u00fcr die Verarbeitung der Eigent\u00fcmer dieser Anwendung.<\/p>\n\n\n\n<h4 class=\"wp-block-heading\">Diese Anwendung<\/h4>\n\n\n\n<p>Die Mittel, mit denen die Pers\u00f6nlichen Daten des Nutzers gesammelt und verarbeitet werden.<\/p>\n\n\n\n<h4 class=\"wp-block-heading\">Dienst<\/h4>\n\n\n\n<p>Die von dieser Anwendung bereitgestellte Dienstleistung, wie sie in den zugeh\u00f6rigen Bedingungen (falls zutreffend) und auf dieser Website\/Anwendung beschrieben ist.<\/p>\n\n\n\n<h4 class=\"wp-block-heading\">Europ\u00e4ische Union (oder EU)<\/h4>\n\n\n\n<p>Sofern nicht anders angegeben, schlie\u00dfen alle Verweise in diesem Dokument auf die Europ\u00e4ische Union alle derzeitigen Mitgliedstaaten der Europ\u00e4ischen Union und des Europ\u00e4ischen Wirtschaftsraums ein.<\/p>\n\n\n\n<h4 class=\"wp-block-heading\">Cookie<\/h4>\n\n\n\n<p>Cookies sind Tracker, die aus kleinen Datens\u00e4tzen bestehen, die im Browser des Nutzers gespeichert werden.<\/p>\n\n\n\n<h4 class=\"wp-block-heading\">Sucher<\/h4>\n\n\n\n<p>Ein Tracker bezeichnet jede Technologie - z. B. Cookies, eindeutige Kennungen, Web-Beacons, eingebettete Skripte, elektronische Tags und Fingerabdr\u00fccke -, mit der Nutzer verfolgt werden k\u00f6nnen, z. B. indem auf Informationen zugegriffen wird oder diese auf dem Ger\u00e4t des Nutzers gespeichert werden.<\/p>\n\n\n\n<hr class=\"wp-block-separator has-alpha-channel-opacity\"\/>\n\n\n\n<h4 class=\"wp-block-heading\">Rechtliche Informationen<\/h4>\n\n\n\n<p>Diese Datenschutzrichtlinie bezieht sich nur auf diese Anwendung, sofern hier nicht anders angegeben.<\/p>","protected":false},"excerpt":{"rendered":"<p>Diese Anwendung sammelt bestimmte pers\u00f6nliche Daten von ihren Nutzern. Dieses Dokument kann zu Betrachtungszwecken ausgedruckt werden, indem der Druckbefehl in den Einstellungen eines jeden Browsers verwendet wird. Eigent\u00fcmer und Verantwortlicher f\u00fcr die Verarbeitung Vert-IntenseImpasse des Gard\u00e9nias97120 Saint Claude Kontakt-E-Mail des Eigent\u00fcmers: compta@vert-intense.com Arten der erhobenen Daten Zu den Arten [...].<\/p>","protected":false},"author":1,"featured_media":0,"parent":0,"menu_order":0,"comment_status":"closed","ping_status":"open","template":"","meta":{"footnotes":""},"class_list":["post-3","page","type-page","status-publish","hentry"],"yoast_head":"<!-- This site is optimized with the Yoast SEO Premium plugin v25.3.1 (Yoast SEO v25.3.1) - https:\/\/yoast.com\/wordpress\/plugins\/seo\/ -->\n<title>Politique de confidentialit\u00e9 - Vert Intense<\/title>\n<meta name=\"description\" content=\"Consultez notre politique de confidentialit\u00e9 pour comprendre la fa\u00e7on dont nous collectons et utilisons vos donn\u00e9es personnelles.\" \/>\n<meta name=\"robots\" content=\"index, follow, max-snippet:-1, max-image-preview:large, max-video-preview:-1\" \/>\n<link rel=\"canonical\" href=\"https:\/\/www.vert-intense.com\/de\/datenschutzrichtlinie\/\" \/>\n<meta property=\"og:locale\" content=\"de_DE\" \/>\n<meta property=\"og:type\" content=\"article\" \/>\n<meta property=\"og:title\" content=\"Politique de confidentialit\u00e9\" \/>\n<meta property=\"og:description\" content=\"Consultez notre politique de confidentialit\u00e9 pour comprendre la fa\u00e7on dont nous collectons et utilisons vos donn\u00e9es personnelles.\" \/>\n<meta property=\"og:url\" content=\"https:\/\/www.vert-intense.com\/de\/datenschutzrichtlinie\/\" \/>\n<meta property=\"og:site_name\" content=\"Vert Intense\" \/>\n<meta property=\"article:publisher\" content=\"https:\/\/www.facebook.com\/vertintense\" \/>\n<meta property=\"article:modified_time\" content=\"2024-10-05T17:14:51+00:00\" \/>\n<meta property=\"og:image\" content=\"https:\/\/i0.wp.com\/www.vert-intense.com\/wp-content\/uploads\/2024\/07\/home.png?fit=1358%2C735&ssl=1\" \/>\n\t<meta property=\"og:image:width\" content=\"1358\" \/>\n\t<meta property=\"og:image:height\" content=\"735\" \/>\n\t<meta property=\"og:image:type\" content=\"image\/png\" \/>\n<meta name=\"twitter:card\" content=\"summary_large_image\" \/>\n<meta name=\"twitter:label1\" content=\"Gesch\u00e4tzte Lesezeit\" \/>\n\t<meta name=\"twitter:data1\" content=\"14 Minuten\" \/>\n<script type=\"application\/ld+json\" class=\"yoast-schema-graph\">{\"@context\":\"https:\/\/schema.org\",\"@graph\":[{\"@type\":\"WebPage\",\"@id\":\"https:\/\/www.vert-intense.com\/politique-de-confidentialite\/\",\"url\":\"https:\/\/www.vert-intense.com\/politique-de-confidentialite\/\",\"name\":\"Politique de confidentialit\u00e9 - Vert Intense\",\"isPartOf\":{\"@id\":\"https:\/\/www.vert-intense.com\/#website\"},\"datePublished\":\"2023-07-05T14:05:29+00:00\",\"dateModified\":\"2024-10-05T17:14:51+00:00\",\"description\":\"Consultez notre politique de confidentialit\u00e9 pour comprendre la fa\u00e7on dont nous collectons et utilisons vos donn\u00e9es personnelles.\",\"breadcrumb\":{\"@id\":\"https:\/\/www.vert-intense.com\/politique-de-confidentialite\/#breadcrumb\"},\"inLanguage\":\"de\",\"potentialAction\":[{\"@type\":\"ReadAction\",\"target\":[\"https:\/\/www.vert-intense.com\/politique-de-confidentialite\/\"]}]},{\"@type\":\"BreadcrumbList\",\"@id\":\"https:\/\/www.vert-intense.com\/politique-de-confidentialite\/#breadcrumb\",\"itemListElement\":[{\"@type\":\"ListItem\",\"position\":1,\"name\":\"Accueil\",\"item\":\"https:\/\/www.vert-intense.com\/\"},{\"@type\":\"ListItem\",\"position\":2,\"name\":\"Politique de confidentialit\u00e9\"}]},{\"@type\":\"WebSite\",\"@id\":\"https:\/\/www.vert-intense.com\/#website\",\"url\":\"https:\/\/www.vert-intense.com\/\",\"name\":\"Vert-Intense\",\"description\":\"R\u00e9servez vos activit\u00e9s d\u00e9couvertes en Guadeloupe\",\"publisher\":{\"@id\":\"https:\/\/www.vert-intense.com\/#organization\"},\"potentialAction\":[{\"@type\":\"SearchAction\",\"target\":{\"@type\":\"EntryPoint\",\"urlTemplate\":\"https:\/\/www.vert-intense.com\/?s={search_term_string}\"},\"query-input\":{\"@type\":\"PropertyValueSpecification\",\"valueRequired\":true,\"valueName\":\"search_term_string\"}}],\"inLanguage\":\"de\"},{\"@type\":\"Organization\",\"@id\":\"https:\/\/www.vert-intense.com\/#organization\",\"name\":\"Vert-Intense\",\"url\":\"https:\/\/www.vert-intense.com\/\",\"logo\":{\"@type\":\"ImageObject\",\"inLanguage\":\"de\",\"@id\":\"https:\/\/www.vert-intense.com\/#\/schema\/logo\/image\/\",\"url\":\"https:\/\/i0.wp.com\/www.vert-intense.com\/wp-content\/uploads\/2023\/07\/logo.png?fit=960%2C960&ssl=1\",\"contentUrl\":\"https:\/\/i0.wp.com\/www.vert-intense.com\/wp-content\/uploads\/2023\/07\/logo.png?fit=960%2C960&ssl=1\",\"width\":960,\"height\":960,\"caption\":\"Vert-Intense\"},\"image\":{\"@id\":\"https:\/\/www.vert-intense.com\/#\/schema\/logo\/image\/\"},\"sameAs\":[\"https:\/\/www.facebook.com\/vertintense\",\"https:\/\/www.tripadvisor.fr\/Attraction_Review-g1644623-d1649481-Reviews-Vert_Intense-Saint_Claude_Basse_Terre_Island_Guadeloupe.html\",\"https:\/\/www.tiktok.com\/@vertintense\",\"https:\/\/www.instagram.com\/vertintenseguadeloupe\/\",\"https:\/\/www.youtube.com\/channel\/UCRymXR1Pa7n50AOgFy9n3bA\"]}]}<\/script>\n<!-- \/ Yoast SEO Premium plugin. -->","yoast_head_json":{"title":"Datenschutzrichtlinie - Intense Green","description":"Lesen Sie unsere Datenschutzrichtlinie, um zu verstehen, wie wir Ihre pers\u00f6nlichen Daten sammeln und verwenden.","robots":{"index":"index","follow":"follow","max-snippet":"max-snippet:-1","max-image-preview":"max-image-preview:large","max-video-preview":"max-video-preview:-1"},"canonical":"https:\/\/www.vert-intense.com\/de\/datenschutzrichtlinie\/","og_locale":"de_DE","og_type":"article","og_title":"Politique de confidentialit\u00e9","og_description":"Consultez notre politique de confidentialit\u00e9 pour comprendre la fa\u00e7on dont nous collectons et utilisons vos donn\u00e9es personnelles.","og_url":"https:\/\/www.vert-intense.com\/de\/datenschutzrichtlinie\/","og_site_name":"Vert Intense","article_publisher":"https:\/\/www.facebook.com\/vertintense","article_modified_time":"2024-10-05T17:14:51+00:00","og_image":[{"width":1358,"height":735,"url":"https:\/\/i0.wp.com\/www.vert-intense.com\/wp-content\/uploads\/2024\/07\/home.png?fit=1358%2C735&ssl=1","type":"image\/png"}],"twitter_card":"summary_large_image","twitter_misc":{"Gesch\u00e4tzte Lesezeit":"14 Minuten"},"schema":{"@context":"https:\/\/schema.org","@graph":[{"@type":"WebPage","@id":"https:\/\/www.vert-intense.com\/politique-de-confidentialite\/","url":"https:\/\/www.vert-intense.com\/politique-de-confidentialite\/","name":"Datenschutzrichtlinie - Intense Green","isPartOf":{"@id":"https:\/\/www.vert-intense.com\/#website"},"datePublished":"2023-07-05T14:05:29+00:00","dateModified":"2024-10-05T17:14:51+00:00","description":"Lesen Sie unsere Datenschutzrichtlinie, um zu verstehen, wie wir Ihre pers\u00f6nlichen Daten sammeln und verwenden.","breadcrumb":{"@id":"https:\/\/www.vert-intense.com\/politique-de-confidentialite\/#breadcrumb"},"inLanguage":"de","potentialAction":[{"@type":"ReadAction","target":["https:\/\/www.vert-intense.com\/politique-de-confidentialite\/"]}]},{"@type":"BreadcrumbList","@id":"https:\/\/www.vert-intense.com\/politique-de-confidentialite\/#breadcrumb","itemListElement":[{"@type":"ListItem","position":1,"name":"Accueil","item":"https:\/\/www.vert-intense.com\/"},{"@type":"ListItem","position":2,"name":"Politique de confidentialit\u00e9"}]},{"@type":"WebSite","@id":"https:\/\/www.vert-intense.com\/#website","url":"https:\/\/www.vert-intense.com\/","name":"Gr\u00fcn-Intensiv","description":"Buchen Sie Ihre Entdeckungsreisen in Guadeloupe","publisher":{"@id":"https:\/\/www.vert-intense.com\/#organization"},"potentialAction":[{"@type":"SearchAction","target":{"@type":"EntryPoint","urlTemplate":"https:\/\/www.vert-intense.com\/?s={search_term_string}"},"query-input":{"@type":"PropertyValueSpecification","valueRequired":true,"valueName":"search_term_string"}}],"inLanguage":"de"},{"@type":"Organization","@id":"https:\/\/www.vert-intense.com\/#organization","name":"Gr\u00fcn-Intensiv","url":"https:\/\/www.vert-intense.com\/","logo":{"@type":"ImageObject","inLanguage":"de","@id":"https:\/\/www.vert-intense.com\/#\/schema\/logo\/image\/","url":"https:\/\/i0.wp.com\/www.vert-intense.com\/wp-content\/uploads\/2023\/07\/logo.png?fit=960%2C960&ssl=1","contentUrl":"https:\/\/i0.wp.com\/www.vert-intense.com\/wp-content\/uploads\/2023\/07\/logo.png?fit=960%2C960&ssl=1","width":960,"height":960,"caption":"Vert-Intense"},"image":{"@id":"https:\/\/www.vert-intense.com\/#\/schema\/logo\/image\/"},"sameAs":["https:\/\/www.facebook.com\/vertintense","https:\/\/www.tripadvisor.fr\/Attraction_Review-g1644623-d1649481-Reviews-Vert_Intense-Saint_Claude_Basse_Terre_Island_Guadeloupe.html","https:\/\/www.tiktok.com\/@vertintense","https:\/\/www.instagram.com\/vertintenseguadeloupe\/","https:\/\/www.youtube.com\/channel\/UCRymXR1Pa7n50AOgFy9n3bA"]}]}},"jetpack_sharing_enabled":true,"_links":{"self":[{"href":"https:\/\/www.vert-intense.com\/de\/wp-json\/wp\/v2\/pages\/3"}],"collection":[{"href":"https:\/\/www.vert-intense.com\/de\/wp-json\/wp\/v2\/pages"}],"about":[{"href":"https:\/\/www.vert-intense.com\/de\/wp-json\/wp\/v2\/types\/page"}],"author":[{"embeddable":true,"href":"https:\/\/www.vert-intense.com\/de\/wp-json\/wp\/v2\/users\/1"}],"replies":[{"embeddable":true,"href":"https:\/\/www.vert-intense.com\/de\/wp-json\/wp\/v2\/comments?post=3"}],"version-history":[{"count":5,"href":"https:\/\/www.vert-intense.com\/de\/wp-json\/wp\/v2\/pages\/3\/revisions"}],"predecessor-version":[{"id":2763,"href":"https:\/\/www.vert-intense.com\/de\/wp-json\/wp\/v2\/pages\/3\/revisions\/2763"}],"wp:attachment":[{"href":"https:\/\/www.vert-intense.com\/de\/wp-json\/wp\/v2\/media?parent=3"}],"curies":[{"name":"wp","href":"https:\/\/api.w.org\/{rel}","templated":true}]}}